{"id":219,"date":"2021-01-14T11:30:56","date_gmt":"2021-01-14T10:30:56","guid":{"rendered":"https:\/\/cste.be\/cse\/v2\/?page_id=219"},"modified":"2026-02-11T09:52:23","modified_gmt":"2026-02-11T08:52:23","slug":"d2","status":"publish","type":"page","link":"https:\/\/cste.be\/cse\/d2\/","title":{"rendered":"2e degr\u00e9"},"content":{"rendered":"<p>[et_pb_section fb_built=\u00a0\u00bb1&Prime; admin_label=\u00a0\u00bbHeader\u00a0\u00bb _builder_version=\u00a0\u00bb4.8.2&Prime; background_color=\u00a0\u00bb#EFEDEB\u00a0\u00bb background_color_gradient_direction=\u00a0\u00bb90deg\u00a0\u00bb background_image=\u00a0\u00bbhttps:\/\/cste.be\/cse\/wp-content\/uploads\/2020\/11\/landscape_cover.jpg\u00a0\u00bb background_blend=\u00a0\u00bbmultiply\u00a0\u00bb custom_padding=\u00a0\u00bb3vw||0px||false|false\u00a0\u00bb locked=\u00a0\u00bboff\u00a0\u00bb][et_pb_row column_structure=\u00a0\u00bb1_4,3_4&Prime; use_custom_gutter=\u00a0\u00bbon\u00a0\u00bb gutter_width=\u00a0\u00bb2&Prime; _builder_version=\u00a0\u00bb4.6.6&Prime; _module_preset=\u00a0\u00bbdefault\u00a0\u00bb custom_margin=\u00a0\u00bb11px|auto||auto|false|false\u00a0\u00bb custom_margin_tablet=\u00a0\u00bb0px||||false|false\u00a0\u00bb custom_margin_phone=\u00a0\u00bb\u00a0\u00bb custom_margin_last_edited=\u00a0\u00bbon|tablet\u00a0\u00bb custom_padding=\u00a0\u00bb||3px|||\u00a0\u00bb][et_pb_column type=\u00a0\u00bb1_4&Prime; _builder_version=\u00a0\u00bb4.5.1&Prime; _module_preset=\u00a0\u00bbdefault\u00a0\u00bb background_color=\u00a0\u00bb#ffffff\u00a0\u00bb custom_padding=\u00a0\u00bb20px|20px|20px|20px|true|true\u00a0\u00bb][et_pb_text _builder_version=\u00a0\u00bb4.8.2&Prime; text_text_color=\u00a0\u00bb#000000&Prime; header_text_align=\u00a0\u00bbcenter\u00a0\u00bb header_font_size=\u00a0\u00bb13em\u00a0\u00bb header_3_font=\u00a0\u00bb||||||||\u00a0\u00bb header_3_text_align=\u00a0\u00bbcenter\u00a0\u00bb header_3_text_color=\u00a0\u00bb#e09900&Prime; header_3_font_size=\u00a0\u00bb20px\u00a0\u00bb header_3_line_height=\u00a0\u00bb1.4em\u00a0\u00bb custom_margin=\u00a0\u00bb-30px|3px||||\u00a0\u00bb custom_padding=\u00a0\u00bb0px||0px|||\u00a0\u00bb text_font_size_tablet=\u00a0\u00bb14px\u00a0\u00bb text_font_size_last_edited=\u00a0\u00bboff|desktop\u00a0\u00bb header_3_font_size_tablet=\u00a0\u00bb18px\u00a0\u00bb header_3_font_size_phone=\u00a0\u00bb\u00a0\u00bb header_3_font_size_last_edited=\u00a0\u00bbon|phone\u00a0\u00bb locked=\u00a0\u00bboff\u00a0\u00bb]<\/p>\n<h1>2<span class=\"degre\">e<br \/> <\/span><\/h1>\n<p>[\/et_pb_text][et_pb_text _builder_version=\u00a0\u00bb4.6.6&Prime; header_text_align=\u00a0\u00bbcenter\u00a0\u00bb header_font_size=\u00a0\u00bb13em\u00a0\u00bb header_3_font=\u00a0\u00bb||||||||\u00a0\u00bb header_3_text_align=\u00a0\u00bbcenter\u00a0\u00bb header_3_text_color=\u00a0\u00bb#e09900&Prime; header_3_font_size=\u00a0\u00bb20px\u00a0\u00bb header_3_line_height=\u00a0\u00bb1.4em\u00a0\u00bb custom_margin=\u00a0\u00bb-39px||||false|false\u00a0\u00bb custom_padding=\u00a0\u00bb0px|||||\u00a0\u00bb text_font_size_tablet=\u00a0\u00bb14px\u00a0\u00bb text_font_size_last_edited=\u00a0\u00bboff|desktop\u00a0\u00bb header_3_font_size_tablet=\u00a0\u00bb18px\u00a0\u00bb header_3_font_size_phone=\u00a0\u00bb\u00a0\u00bb header_3_font_size_last_edited=\u00a0\u00bbon|phone\u00a0\u00bb locked=\u00a0\u00bboff\u00a0\u00bb]<\/p>\n<h3 style=\"text-align: center;\"><a href=\"v2\/1er-degre\/\">degr\u00e9<\/a><\/h3>\n<p>[\/et_pb_text][et_pb_text _builder_version=\u00a0\u00bb4.8.2&Prime; header_3_font=\u00a0\u00bbAlata||||||||\u00a0\u00bb header_3_text_color=\u00a0\u00bb#2B343B\u00a0\u00bb header_3_font_size=\u00a0\u00bb20px\u00a0\u00bb header_3_line_height=\u00a0\u00bb1.4em\u00a0\u00bb text_font_size_tablet=\u00a0\u00bb14px\u00a0\u00bb text_font_size_last_edited=\u00a0\u00bboff|desktop\u00a0\u00bb header_3_font_size_tablet=\u00a0\u00bb18px\u00a0\u00bb header_3_font_size_phone=\u00a0\u00bb\u00a0\u00bb header_3_font_size_last_edited=\u00a0\u00bbon|phone\u00a0\u00bb locked=\u00a0\u00bboff\u00a0\u00bb]<\/p>\n<p style=\"text-align: center;\">Informations sur la troisi\u00e8me<br \/>et la quatri\u00e8me ann\u00e9e<\/p>\n<p>[\/et_pb_text][\/et_pb_column][et_pb_column type=\u00a0\u00bb3_4&Prime; _builder_version=\u00a0\u00bb4.6.6&Prime; _module_preset=\u00a0\u00bbdefault\u00a0\u00bb background_enable_color=\u00a0\u00bboff\u00a0\u00bb custom_padding=\u00a0\u00bb20px|20px|20px|20px|true|true\u00a0\u00bb][\/et_pb_column][\/et_pb_row][\/et_pb_section][et_pb_section fb_built=\u00a0\u00bb1&Prime; use_custom_gutter=\u00a0\u00bbon\u00a0\u00bb gutter_width=\u00a0\u00bb1&Prime; specialty=\u00a0\u00bbon\u00a0\u00bb padding_top_bottom_link_2=\u00a0\u00bbfalse\u00a0\u00bb padding_left_right_link_2=\u00a0\u00bbfalse\u00a0\u00bb padding_left_2=\u00a0\u00bb60px\u00a0\u00bb padding_2_tablet=\u00a0\u00bb30px|||0px|false|false\u00a0\u00bb padding_2_phone=\u00a0\u00bb\u00a0\u00bb padding_2_last_edited=\u00a0\u00bbon|tablet\u00a0\u00bb admin_label=\u00a0\u00bbAbout\u00a0\u00bb _builder_version=\u00a0\u00bb4.8.2&Prime; _module_preset=\u00a0\u00bbdefault\u00a0\u00bb custom_margin=\u00a0\u00bb-4px||||false|false\u00a0\u00bb custom_padding=\u00a0\u00bb0px||0px|||\u00a0\u00bb locked=\u00a0\u00bboff\u00a0\u00bb][et_pb_column type=\u00a0\u00bb1_2&Prime; specialty_columns=\u00a0\u00bb2&Prime; _builder_version=\u00a0\u00bb3.25&Prime; custom_padding=\u00a0\u00bb|||\u00a0\u00bb custom_padding__hover=\u00a0\u00bb|||\u00a0\u00bb][et_pb_row_inner column_structure=\u00a0\u00bb1_2,1_2&Prime; _builder_version=\u00a0\u00bb4.5.0&Prime; _module_preset=\u00a0\u00bbdefault\u00a0\u00bb custom_margin=\u00a0\u00bb-3px|||||\u00a0\u00bb custom_padding=\u00a0\u00bb0px||0px||true|\u00a0\u00bb][et_pb_column_inner type=\u00a0\u00bb1_2&Prime; saved_specialty_column_type=\u00a0\u00bb1_2&Prime; _builder_version=\u00a0\u00bb4.5.0&Prime; _module_preset=\u00a0\u00bbdefault\u00a0\u00bb][et_pb_text _builder_version=\u00a0\u00bb4.8.2&Prime; text_font=\u00a0\u00bb|700||on|||||\u00a0\u00bb text_text_color=\u00a0\u00bb#ffffff\u00a0\u00bb text_letter_spacing=\u00a0\u00bb4px\u00a0\u00bb text_line_height=\u00a0\u00bb1.6em\u00a0\u00bb link_font=\u00a0\u00bb||||||||\u00a0\u00bb link_text_color=\u00a0\u00bb#ffffff\u00a0\u00bb background_color=\u00a0\u00bb#182844&Prime; text_orientation=\u00a0\u00bbcenter\u00a0\u00bb width_tablet=\u00a0\u00bb100%\u00a0\u00bb width_last_edited=\u00a0\u00bboff|tablet\u00a0\u00bb module_alignment=\u00a0\u00bbcenter\u00a0\u00bb min_height=\u00a0\u00bb270px\u00a0\u00bb min_height_tablet=\u00a0\u00bb\u00a0\u00bb min_height_phone=\u00a0\u00bb\u00a0\u00bb min_height_last_edited=\u00a0\u00bbon|tablet\u00a0\u00bb height_tablet=\u00a0\u00bb307px\u00a0\u00bb height_phone=\u00a0\u00bb307px\u00a0\u00bb height_last_edited=\u00a0\u00bboff|desktop\u00a0\u00bb custom_margin=\u00a0\u00bb|||-1px||\u00a0\u00bb custom_padding=\u00a0\u00bb112px|20px|40px|20px|false|true\u00a0\u00bb custom_padding_tablet=\u00a0\u00bb80px|20px|80px|20px|true|true\u00a0\u00bb custom_padding_phone=\u00a0\u00bb\u00a0\u00bb custom_padding_last_edited=\u00a0\u00bbon|tablet\u00a0\u00bb link_option_url=\u00a0\u00bb#\u00a0\u00bb scroll_rotating=\u00a0\u00bb0|50|50|100|0\u00b0|0\u00b0|-45\u00b0\u00a0\u00bb motion_trigger_start=\u00a0\u00bbtop\u00a0\u00bb module_alignment_last_edited=\u00a0\u00bboff|desktop\u00a0\u00bb locked=\u00a0\u00bboff\u00a0\u00bb]<\/p>\n<p><a href=\"https:\/\/cste.be\/cse\/inscription\/#otherlvl\" rel=\"noopener noreferrer\" title=\"\">Inscription pour un autre niveau<\/a><\/p>\n<p>[\/et_pb_text][\/et_pb_column_inner][et_pb_column_inner type=\u00a0\u00bb1_2&Prime; saved_specialty_column_type=\u00a0\u00bb1_2&Prime; _builder_version=\u00a0\u00bb4.5.0&Prime; _module_preset=\u00a0\u00bbdefault\u00a0\u00bb][\/et_pb_column_inner][\/et_pb_row_inner][\/et_pb_column][et_pb_column type=\u00a0\u00bb1_2&Prime; _builder_version=\u00a0\u00bb3.25&Prime; custom_padding=\u00a0\u00bb|||\u00a0\u00bb custom_padding__hover=\u00a0\u00bb|||\u00a0\u00bb][\/et_pb_column][\/et_pb_section][et_pb_section fb_built=\u00a0\u00bb1&Prime; _builder_version=\u00a0\u00bb4.6.6&Prime; _module_preset=\u00a0\u00bbdefault\u00a0\u00bb custom_padding=\u00a0\u00bb2px||7px|||\u00a0\u00bb][et_pb_row _builder_version=\u00a0\u00bb4.8.2&Prime; _module_preset=\u00a0\u00bbdefault\u00a0\u00bb custom_padding=\u00a0\u00bb6px|||||\u00a0\u00bb][et_pb_column type=\u00a0\u00bb4_4&Prime; _builder_version=\u00a0\u00bb4.6.6&Prime; _module_preset=\u00a0\u00bbdefault\u00a0\u00bb][et_pb_text disabled_on=\u00a0\u00bboff|off|off\u00a0\u00bb _builder_version=\u00a0\u00bb4.8.2&Prime; text_line_height=\u00a0\u00bb2.5em\u00a0\u00bb header_font=\u00a0\u00bb|||on|||||\u00a0\u00bb header_text_color=\u00a0\u00bb#ee530b\u00a0\u00bb header_font_size=\u00a0\u00bb44px\u00a0\u00bb header_2_font=\u00a0\u00bb|||on|||||\u00a0\u00bb header_2_font_size=\u00a0\u00bb60px\u00a0\u00bb header_2_line_height=\u00a0\u00bb1.2em\u00a0\u00bb header_3_font=\u00a0\u00bb|||on|||||\u00a0\u00bb header_3_line_height=\u00a0\u00bb1.1em\u00a0\u00bb custom_margin=\u00a0\u00bb-6px|||||\u00a0\u00bb custom_padding=\u00a0\u00bb3px|||||\u00a0\u00bb text_font_size_tablet=\u00a0\u00bb14px\u00a0\u00bb text_font_size_last_edited=\u00a0\u00bboff|desktop\u00a0\u00bb header_2_font_size_tablet=\u00a0\u00bb40px\u00a0\u00bb header_2_font_size_phone=\u00a0\u00bb30px\u00a0\u00bb header_2_font_size_last_edited=\u00a0\u00bbon|tablet\u00a0\u00bb locked=\u00a0\u00bboff\u00a0\u00bb]<\/p>\n<h1>Nos particularit\u00e9s<\/h1>\n<p><strong>\u00c0 partir du 2e degr\u00e9, le Coll\u00e8ge propose aux \u00e9tudiants diff\u00e9rentes formes et sections d\u2019enseignement :<\/strong><\/p>\n<ul>\n<li>l\u2019<strong>enseignement g\u00e9n\u00e9ral de transition<\/strong>, comprenant diverses options et activit\u00e9s compl\u00e9mentaires<\/li>\n<li>une section sportive (technique de transition, <strong>option \u00ab\u2009\u00e9ducation physique\u2009\u00bb<\/strong>)<\/li>\n<li>l\u2019option<strong> \u00ab\u2009techniques artistiques\u2009\u00bb<\/strong> (technique de qualification)<\/li>\n<li>l\u2019option <strong>\u00ab\u2009secr\u00e9tariat-tourisme\u2009\u00bb<\/strong> (technique de qualification)<\/li>\n<\/ul>\n<p>&nbsp;<\/p>\n<p>[\/et_pb_text][et_pb_text disabled_on=\u00a0\u00bboff|off|off\u00a0\u00bb _builder_version=\u00a0\u00bb4.8.2&Prime; text_text_color=\u00a0\u00bb#ffffff\u00a0\u00bb text_line_height=\u00a0\u00bb2.5em\u00a0\u00bb header_font=\u00a0\u00bb|||on|||||\u00a0\u00bb header_text_color=\u00a0\u00bb#ee530b\u00a0\u00bb header_font_size=\u00a0\u00bb44px\u00a0\u00bb header_2_font=\u00a0\u00bb|||on|||||\u00a0\u00bb header_2_font_size=\u00a0\u00bb60px\u00a0\u00bb header_2_line_height=\u00a0\u00bb1.2em\u00a0\u00bb header_3_font=\u00a0\u00bb|||on|||||\u00a0\u00bb header_3_text_color=\u00a0\u00bb#ffffff\u00a0\u00bb header_3_line_height=\u00a0\u00bb1.1em\u00a0\u00bb background_color=\u00a0\u00bb#182844&Prime; custom_margin=\u00a0\u00bb-6px|||||\u00a0\u00bb custom_padding=\u00a0\u00bb35px|35px|35px|35px|true|false\u00a0\u00bb text_font_size_tablet=\u00a0\u00bb14px\u00a0\u00bb text_font_size_last_edited=\u00a0\u00bboff|desktop\u00a0\u00bb header_2_font_size_tablet=\u00a0\u00bb40px\u00a0\u00bb header_2_font_size_phone=\u00a0\u00bb30px\u00a0\u00bb header_2_font_size_last_edited=\u00a0\u00bbon|tablet\u00a0\u00bb locked=\u00a0\u00bboff\u00a0\u00bb]<\/p>\n<h3><a href=\"https:\/\/cste.be\/cse\/nos-projets\/#p90\"><img loading=\"lazy\" src=\"https:\/\/cste.be\/cse\/wp-content\/uploads\/2021\/01\/LOGO_CSE_SEC_SOL2.png\" alt=\"\" class=\"wp-image-312 alignleft size-full\" width=\"103\" height=\"103\" \/><\/a>L\u2019organisation en p\u00e9riodes<br \/> de 90 minutes<\/h3>\n<p>Au Coll\u00e8ge, on fonctionne en P90, il y a donc 4 cours par jour, s\u00e9par\u00e9s par des moments de r\u00e9cr\u00e9ation. Cartables plus l\u00e9gers, planification plus facile, vari\u00e9t\u00e9 des pratiques p\u00e9dagogiques \u2026 nous voyons de nombreux atouts \u00e0 cette nouvelle organisation.<\/p>\n<p>&nbsp;<\/p>\n<h3><\/h3>\n<h3><a href=\"https:\/\/cste.be\/cse\/nos-projets\/\"><img loading=\"lazy\" src=\"https:\/\/cste.be\/cse\/wp-content\/uploads\/2021\/01\/LOGO_TM_COORDI.png\" alt=\"\" class=\"wp-image-268 alignleft size-full\" width=\"90\" height=\"90\" \/><\/a>Les ateliers du jeudi apr\u00e8s-midi<\/h3>\n<p>La quatri\u00e8me p\u00e9riode du jeudi, place aux apprentissages ludiques, hors programme et hors \u00e9valuation\u2026 c\u2019est ce que l\u2019on appelle au Coll\u00e8ge les ateliers \u00ab Temps Mieux \u00bb<\/p>\n<p>&nbsp;<\/p>\n<h3><\/h3>\n<h3><a href=\"https:\/\/cste.be\/cse\/nos-projets\/#smartschool\" rel=\"noopener\"><img loading=\"lazy\" src=\"https:\/\/cste.be\/cse\/wp-content\/uploads\/2021\/01\/app_smartschool_icon_512x512.png\" alt=\"\" class=\"wp-image-268 alignleft size-full\" width=\"90\" height=\"90\" \/><\/a>La plateforme commune<\/h3>\n<p>\u00c9l\u00e8ves, parents, professeurs, \u00e9ducateurs, staff administratif \u2026 toute la communaut\u00e9 du Coll\u00e8ge est connect\u00e9e \u00e0 la plateforme <strong>Smartschool<\/strong> qui favorise la communication, le partage des ressources, l\u2019organisation\u2026<\/p>\n<p>&nbsp;<\/p>\n<h3><a href=\"https:\/\/cste.be\/cse\/nos-projets\/#transition\"><img loading=\"lazy\" src=\"https:\/\/cste.be\/cse\/wp-content\/uploads\/2021\/01\/LOGO_TRANSITION_OK.png\" alt=\"\" class=\"wp-image-268 alignleft size-full\" width=\"101\" height=\"73\" \/><\/a>Une \u00e9cole en transition<\/h3>\n<p>Vers le Z\u00e9ro d\u00e9chets, Potager, soupes, composts, r\u00e9ductions d\u2019\u00e9nergie, magasin local \u2026 Voil\u00e0 les projets mis en place par l\u2019\u00e9quipe (compos\u00e9e de professeurs et d\u2019\u00e9l\u00e8ves) CSE en Transition<\/p>\n<p>&nbsp;<\/p>\n<h3><a href=\"https:\/\/cste.be\/cse\/nos-projets\/#cap\"><img loading=\"lazy\" src=\"https:\/\/cste.be\/cse\/wp-content\/uploads\/2021\/01\/LOGO_CAPS-coul.png\" alt=\"\" class=\"wp-image-268 alignleft size-full\" width=\"132\" height=\"86\" \/><\/a>Le soutien particulier<br \/> aux \u00e9l\u00e8ves en difficult\u00e9<\/h3>\n<p>Une cellule sp\u00e9cifique, CAP\u2019S, la \u00ab CAP soutien \u00bb, compos\u00e9e de professeurs de diff\u00e9rentes disciplines, a pour mission de soutenir les jeunes en difficult\u00e9 et\/ou qui pr\u00e9sentent des troubles de l\u2019apprentissage.<\/p>\n<p>&nbsp;<\/p>\n<h3><img loading=\"lazy\" src=\"https:\/\/cste.be\/cse\/wp-content\/uploads\/2024\/02\/Logo-Oasis-300x212.png\" width=\"144\" height=\"102\" alt=\"\" class=\"wp-image-1553 alignnone size-medium\" \/>Pr\u00e9vention harc\u00e8lement<\/h3>\n<p>Espaces de Parole R\u00e9gul\u00e9s, am\u00e9nagement des cours de r\u00e9cr\u00e9ation, formation des enseignants, conf\u00e9rence\u2026 plusieurs initiatives ont \u00e9merg\u00e9 au Coll\u00e8ge pour lutter contre le harc\u00e8lement. Une cellule est d\u00e9di\u00e9e \u00e0 cette probl\u00e9matique au sein de l&rsquo;\u00e9cole.<\/p>\n<p><strong><\/strong><\/p>\n<p>&nbsp;<\/p>\n<p>[\/et_pb_text][\/et_pb_column][\/et_pb_row][\/et_pb_section][et_pb_section fb_built=\u00a0\u00bb1&Prime; use_custom_gutter=\u00a0\u00bbon\u00a0\u00bb gutter_width=\u00a0\u00bb1&Prime; specialty=\u00a0\u00bbon\u00a0\u00bb padding_top_bottom_link_1=\u00a0\u00bbfalse\u00a0\u00bb padding_left_right_link_1=\u00a0\u00bbfalse\u00a0\u00bb padding_top_1=\u00a0\u00bb100px\u00a0\u00bb padding_right_1=\u00a0\u00bb30px\u00a0\u00bb padding_bottom_1=\u00a0\u00bb30px\u00a0\u00bb padding_1_tablet=\u00a0\u00bb40px|0px|40px||true|false\u00a0\u00bb padding_1_phone=\u00a0\u00bb\u00a0\u00bb padding_1_last_edited=\u00a0\u00bbon|phone\u00a0\u00bb admin_label=\u00a0\u00bbFeature\u00a0\u00bb module_id=\u00a0\u00bbgeneral\u00a0\u00bb _builder_version=\u00a0\u00bb4.8.2&Prime; _module_preset=\u00a0\u00bbdefault\u00a0\u00bb custom_margin=\u00a0\u00bb-7px|||||\u00a0\u00bb custom_padding=\u00a0\u00bb0px||0px||false|false\u00a0\u00bb][et_pb_column type=\u00a0\u00bb1_2&Prime; _builder_version=\u00a0\u00bb3.25&Prime; custom_padding=\u00a0\u00bb|||\u00a0\u00bb custom_padding__hover=\u00a0\u00bb|||\u00a0\u00bb][et_pb_text _builder_version=\u00a0\u00bb4.8.2&Prime; text_font_size=\u00a0\u00bb16px\u00a0\u00bb text_line_height=\u00a0\u00bb2em\u00a0\u00bb header_text_color=\u00a0\u00bb#EE530B\u00a0\u00bb header_font_size=\u00a0\u00bb26px\u00a0\u00bb header_2_font=\u00a0\u00bb|||on|||||\u00a0\u00bb header_2_text_color=\u00a0\u00bb#0C71C3&Prime; header_2_font_size=\u00a0\u00bb60px\u00a0\u00bb header_2_line_height=\u00a0\u00bb1.2em\u00a0\u00bb custom_margin=\u00a0\u00bb-5px||3px|||\u00a0\u00bb text_font_size_tablet=\u00a0\u00bb14px\u00a0\u00bb text_font_size_phone=\u00a0\u00bb\u00a0\u00bb text_font_size_last_edited=\u00a0\u00bbon|phone\u00a0\u00bb header_2_font_size_tablet=\u00a0\u00bb40px\u00a0\u00bb header_2_font_size_phone=\u00a0\u00bb30px\u00a0\u00bb header_2_font_size_last_edited=\u00a0\u00bbon|phone\u00a0\u00bb locked=\u00a0\u00bboff\u00a0\u00bb]<\/p>\n<h2>L\u2019enseignement g\u00e9n\u00e9ral de transition<\/h2>\n<p>[\/et_pb_text][\/et_pb_column][et_pb_column type=\u00a0\u00bb1_2&Prime; specialty_columns=\u00a0\u00bb2&Prime; _builder_version=\u00a0\u00bb3.25&Prime; custom_padding=\u00a0\u00bb|||\u00a0\u00bb custom_padding__hover=\u00a0\u00bb|||\u00a0\u00bb][\/et_pb_column][\/et_pb_section][et_pb_section fb_built=\u00a0\u00bb1&Prime; _builder_version=\u00a0\u00bb4.6.6&Prime; _module_preset=\u00a0\u00bbdefault\u00a0\u00bb custom_padding=\u00a0\u00bb0px|||||\u00a0\u00bb][et_pb_row module_class=\u00a0\u00bbhoraire\u00a0\u00bb _builder_version=\u00a0\u00bb4.8.2&Prime; _module_preset=\u00a0\u00bbdefault\u00a0\u00bb custom_padding=\u00a0\u00bb3px|||||\u00a0\u00bb][et_pb_column type=\u00a0\u00bb4_4&Prime; _builder_version=\u00a0\u00bb4.6.6&Prime; _module_preset=\u00a0\u00bbdefault\u00a0\u00bb][et_pb_pricing_tables header_background_color=\u00a0\u00bb#ee530b\u00a0\u00bb show_bullet=\u00a0\u00bboff\u00a0\u00bb featured_table_price_color=\u00a0\u00bb#ee530b\u00a0\u00bb module_class=\u00a0\u00bbhoraire\u00a0\u00bb _builder_version=\u00a0\u00bb4.8.2&Prime; _module_preset=\u00a0\u00bbdefault\u00a0\u00bb price_text_color=\u00a0\u00bb#ee530b\u00a0\u00bb][et_pb_pricing_table subtitle=\u00a0\u00bbFormation commune obligatoire\u00a0\u00bb sum=\u00a0\u00bb27 \u00e0 31h\u00a0\u00bb _builder_version=\u00a0\u00bb4.8.2&Prime; _module_preset=\u00a0\u00bbdefault\u00a0\u00bb header_level=\u00a0\u00bbh1&Prime; header_font=\u00a0\u00bb|||on|||||\u00a0\u00bb header_font_size=\u00a0\u00bb74px\u00a0\u00bb subheader_font_size=\u00a0\u00bb20px\u00a0\u00bb subheader_line_height=\u00a0\u00bb5em\u00a0\u00bb price_font_size=\u00a0\u00bb35px\u00a0\u00bb sticky_transition=\u00a0\u00bbon\u00a0\u00bb]<\/p>\n<p>Religion <strong>2h<\/strong><br \/> Histoire <strong>2h<\/strong><br \/> G\u00e9ographie <strong>2h<\/strong><br \/> Fran\u00e7ais <strong>5h<\/strong><br \/> Math\u00e9matiques <strong>5h<\/strong><br \/> \u00c9ducation physique <strong>2h<\/strong><br \/> Sciences <strong>3<\/strong> ou <strong>5h<\/strong><br \/> LM I (N\u00e9erlandais ou Anglais) <strong>4h<\/strong><br \/> LM II (Anglais ou N\u00e9erlandais) <strong>2<\/strong> ou <strong>4h<\/strong><br \/> Activit\u00e9s \u00ab\u2009Temps mieux\u2009\u00bb<\/p>\n<p>[\/et_pb_pricing_table][et_pb_pricing_table subtitle=\u00a0\u00bbOptions\u00a0\u00bb sum=\u00a0\u00bb2 \u00e0 6h\u00a0\u00bb header_background_color=\u00a0\u00bb#0c71c3&Prime; _builder_version=\u00a0\u00bb4.8.2&Prime; _module_preset=\u00a0\u00bbdefault\u00a0\u00bb price_text_color=\u00a0\u00bb#0c71c3&Prime; header_font_size=\u00a0\u00bb74px\u00a0\u00bb subheader_font_size=\u00a0\u00bb21px\u00a0\u00bb subheader_line_height=\u00a0\u00bb4.8em\u00a0\u00bb price_font_size=\u00a0\u00bb35px\u00a0\u00bb sticky_transition=\u00a0\u00bbon\u00a0\u00bb]<\/p>\n<ul class=\"et_pb_pricing\">\n<li><span>Latin <strong>4h<\/strong><\/span><\/li>\n<li><span>\u00c9ducation artistique : arts d&rsquo;expression\u00a0<strong>4h<\/strong><\/span><\/li>\n<li><span>Informatique <strong>2h<\/strong><\/span><\/li>\n<\/ul>\n<p>[\/et_pb_pricing_table][\/et_pb_pricing_tables][\/et_pb_column][\/et_pb_row][et_pb_row _builder_version=\u00a0\u00bb4.6.6&Prime; _module_preset=\u00a0\u00bbdefault\u00a0\u00bb][et_pb_column type=\u00a0\u00bb4_4&Prime; _builder_version=\u00a0\u00bb4.6.6&Prime; _module_preset=\u00a0\u00bbdefault\u00a0\u00bb][et_pb_button button_url=\u00a0\u00bbhttps:\/\/cste.be\/cse\/wp-content\/uploads\/2021\/03\/Grille-Options-2021-2022-2e-degre.pdf\u00a0\u00bb url_new_window=\u00a0\u00bbon\u00a0\u00bb button_text=\u00a0\u00bbVoir la grille horaire en PDF\u00a0\u00bb button_alignment=\u00a0\u00bbcenter\u00a0\u00bb disabled_on=\u00a0\u00bbon|on|on\u00a0\u00bb _builder_version=\u00a0\u00bb4.8.2&Prime; custom_button=\u00a0\u00bbon\u00a0\u00bb button_text_size=\u00a0\u00bb16px\u00a0\u00bb button_text_color=\u00a0\u00bb#000000&Prime; button_bg_color=\u00a0\u00bbrgba(0,0,0,0)\u00a0\u00bb button_bg_image=\u00a0\u00bbhttps:\/\/cste.be\/cse\/v2\/wp-content\/uploads\/2020\/11\/Artboard-1.png\u00a0\u00bb button_bg_size=\u00a0\u00bbcontain\u00a0\u00bb button_bg_position=\u00a0\u00bbcenter_right\u00a0\u00bb button_border_width=\u00a0\u00bb0px\u00a0\u00bb button_border_color=\u00a0\u00bb#3d4a41&Prime; button_border_radius=\u00a0\u00bb0px\u00a0\u00bb button_font=\u00a0\u00bbDM Sans|600|||||||\u00a0\u00bb button_icon=\u00a0\u00bb%%3%%\u00a0\u00bb button_on_hover=\u00a0\u00bboff\u00a0\u00bb custom_margin=\u00a0\u00bb20px||||false|false\u00a0\u00bb custom_padding=\u00a0\u00bb16px|44px|16px|0px|true|false\u00a0\u00bb button_text_size_tablet=\u00a0\u00bb14px\u00a0\u00bb button_text_size_phone=\u00a0\u00bb\u00a0\u00bb button_text_size_last_edited=\u00a0\u00bbon|phone\u00a0\u00bb disabled=\u00a0\u00bbon\u00a0\u00bb locked=\u00a0\u00bboff\u00a0\u00bb][\/et_pb_button][\/et_pb_column][\/et_pb_row][\/et_pb_section][et_pb_section fb_built=\u00a0\u00bb1&Prime; _builder_version=\u00a0\u00bb4.8.2&Prime; _module_preset=\u00a0\u00bbdefault\u00a0\u00bb][et_pb_row _builder_version=\u00a0\u00bb4.8.2&Prime; _module_preset=\u00a0\u00bbdefault\u00a0\u00bb][et_pb_column type=\u00a0\u00bb4_4&Prime; _builder_version=\u00a0\u00bb4.8.2&Prime; _module_preset=\u00a0\u00bbdefault\u00a0\u00bb][et_pb_text _builder_version=\u00a0\u00bb4.8.2&Prime; text_font_size=\u00a0\u00bb16px\u00a0\u00bb text_line_height=\u00a0\u00bb2em\u00a0\u00bb header_font_size=\u00a0\u00bb21px\u00a0\u00bb header_2_font=\u00a0\u00bb|||on|||||\u00a0\u00bb header_2_font_size=\u00a0\u00bb38px\u00a0\u00bb header_2_line_height=\u00a0\u00bb1.2em\u00a0\u00bb custom_margin=\u00a0\u00bb-5px||3px|||\u00a0\u00bb text_font_size_tablet=\u00a0\u00bb14px\u00a0\u00bb text_font_size_phone=\u00a0\u00bb\u00a0\u00bb text_font_size_last_edited=\u00a0\u00bbon|phone\u00a0\u00bb header_2_font_size_tablet=\u00a0\u00bb40px\u00a0\u00bb header_2_font_size_phone=\u00a0\u00bb30px\u00a0\u00bb header_2_font_size_last_edited=\u00a0\u00bbon|phone\u00a0\u00bb locked=\u00a0\u00bboff\u00a0\u00bb]<\/p>\n<h2>DESCRIPTIF DES OPTIONS<\/h2>\n<p>[\/et_pb_text][\/et_pb_column][\/et_pb_row][et_pb_row column_structure=\u00a0\u00bb1_3,1_3,1_3&Prime; use_custom_gutter=\u00a0\u00bbon\u00a0\u00bb _builder_version=\u00a0\u00bb4.8.2&Prime; _module_preset=\u00a0\u00bbdefault\u00a0\u00bb width=\u00a0\u00bb100%\u00a0\u00bb][et_pb_column type=\u00a0\u00bb1_3&Prime; _builder_version=\u00a0\u00bb4.8.2&Prime; _module_preset=\u00a0\u00bbdefault\u00a0\u00bb][et_pb_text _builder_version=\u00a0\u00bb4.8.2&Prime; _module_preset=\u00a0\u00bbdefault\u00a0\u00bb text_line_height=\u00a0\u00bb1.5em\u00a0\u00bb header_font=\u00a0\u00bb|||on|||||\u00a0\u00bb header_text_color=\u00a0\u00bb#EE530B\u00a0\u00bb custom_padding=\u00a0\u00bb||0px|||\u00a0\u00bb locked=\u00a0\u00bboff\u00a0\u00bb]<\/p>\n<h1 style=\"text-align: left;\">Latin<\/h1>\n<p>L\u2019acquisition des bases lexicales et grammaticales c\u00e8de progressivement la place au plaisir de d\u00e9couvrir les textes anciens, de prendre connaissance de leur contexte historique et culturel et d\u2019entrevoir les liens avec le monde d\u2019aujourd\u2019hui. L\u2019objectif essentiel du cours de latin est de traduire avec justesse la pens\u00e9e de celui qui a \u00e9crit, en comprenant la relation entre les mots de la proposition, en en saisissant le sens avec ses nuances.<\/p>\n<p>Cet objectif permet la mise en \u0153uvre des aspects suivants\u00a0:<\/p>\n<ul>\n<li>une discipline qui fait appel \u00e0 la rigueur (observation, analyse, d\u00e9duction, intuition, synth\u00e8se) ne peut \u00eatre gratuite, inutile, mais forme l\u2019esprit\u2009;<\/li>\n<li>le fran\u00e7ais est du latin \u00ab\u2009transform\u00e9\u2009\u00bb\u00a0: son \u00e9tude am\u00e9liore l\u2019orthographe (justifi\u00e9e), la bonne compr\u00e9hension des mots et la richesse du vocabulaire\u2009;<\/li>\n<li>le langage scientifique a puis\u00e9 dans la langue latine ses termes, son vocabulaire\u2009;<\/li>\n<li>le latin est une \u00e9cole de logique et de style, \u00e0 l\u2019heure o\u00f9 l\u2019on d\u00e9plore un rel\u00e2chement dans l\u2019expression \u00e9crite et orale\u2009;<\/li>\n<li>notre civilisation est l\u2019h\u00e9ritage de tout ce monde latin\u00a0: mode de vie, institutions, technologies.<\/li>\n<\/ul>\n<p style=\"text-align: left;\">Sans n\u00e9gliger l\u2019importance des langues vivantes, des sciences, des technologies nouvelles&#8230;, il est bon de retrouver dans l\u2019\u00e9tude des textes latins, un peu de notre \u00e2me<\/p>\n<p>&nbsp;<\/p>\n<p>[\/et_pb_text][\/et_pb_column][et_pb_column type=\u00a0\u00bb1_3&Prime; _builder_version=\u00a0\u00bb4.8.2&Prime; _module_preset=\u00a0\u00bbdefault\u00a0\u00bb][et_pb_text _builder_version=\u00a0\u00bb4.8.2&Prime; _module_preset=\u00a0\u00bbdefault\u00a0\u00bb text_line_height=\u00a0\u00bb1.5em\u00a0\u00bb header_font=\u00a0\u00bb|||on|||||\u00a0\u00bb header_text_color=\u00a0\u00bb#EE530B\u00a0\u00bb custom_padding=\u00a0\u00bb||0px|||\u00a0\u00bb locked=\u00a0\u00bboff\u00a0\u00bb]<\/p>\n<h1 style=\"text-align: left;\">\u00c9ducation artistique<\/h1>\n<p>L\u2019option\u00a0\u00c9ducation Artistique, ouvrant l\u2019\u00e9l\u00e8ve \u00e0 la culture et \u00e0 la cr\u00e9ation, est assur\u00e9e conjointement par un professeur d\u2019\u00c9ducation plastique, un professeur d\u2019Art d\u2019expression et un professeur d\u2019Expression musicale, lesquels travaillent sur des sujets parall\u00e8les\u00a0:<\/p>\n<ul>\n<li>Le cours d\u2019<u>Expression plastique<\/u> met l\u2019\u00e9l\u00e8ve en contact avec les diverses th\u00e9ories et techniques propres au dessin, \u00e0 la peinture ou \u00e0 d\u2019autres arts de l\u2019image. Il sera demand\u00e9 \u00e0 l\u2019\u00e9l\u00e8ve d\u2019assimiler cet apport et de d\u00e9velopper son savoir-faire \u00e0 l\u2019\u00e9gard des diverses formes abord\u00e9es, en vue de se d\u00e9couvrir un style personnel, tout en le nourrissant des techniques exerc\u00e9es.<\/li>\n<li>Le cours d\u2019<u>Expression th\u00e9\u00e2trale<\/u> se nourrit lui aussi de th\u00e9ories litt\u00e9raires et th\u00e9\u00e2trales et met l\u2019\u00e9l\u00e8ve en contact avec des \u0153uvres et des techniques de r\u00e9f\u00e9rence, dans le domaine de l\u2019\u00e9criture ou de l\u2019art d\u2019expression. L\u2019\u00e9l\u00e8ve est ainsi appel\u00e9 \u00e0 assimiler cet apport, en vue de d\u00e9velopper et de diversifier ses propres capacit\u00e9s dans les domaines abord\u00e9s.<\/li>\n<li>Le cours <u>d\u2019Expression musicale<\/u> interviendra \u00e9galement \u00e0 divers moments du parcours, mais uniquement comme \u00e9l\u00e9ment de signification, prenant sa place dans le contexte d\u2019un travail collectif ou individuel.<\/li>\n<\/ul>\n<p>L\u2019\u00e9l\u00e8ve sera amen\u00e9 \u00e0 s\u2019impliquer\u00a0:<\/p>\n<ul>\n<li>dans un projet individuel dont le but sera d\u2019approfondir la recherche d\u2019un style personnel \u00e0 travers une d\u00e9marche qui unira obligatoirement l\u2019aspect plastique et l\u2019aspect verbal\u2009;<\/li>\n<li>dans un projet collectif de la classe, dont le but sera d\u2019articuler les apprentissages autour d\u2019un th\u00e8me, d\u2019une action, d\u2019une repr\u00e9sentation ou de toute autre manifestation susceptible de guider les \u00e9nergies\u2026<\/li>\n<\/ul>\n<p>&nbsp;<\/p>\n<p>[\/et_pb_text][\/et_pb_column][et_pb_column type=\u00a0\u00bb1_3&Prime; _builder_version=\u00a0\u00bb4.8.2&Prime; _module_preset=\u00a0\u00bbdefault\u00a0\u00bb][et_pb_text _builder_version=\u00a0\u00bb4.8.2&Prime; _module_preset=\u00a0\u00bbdefault\u00a0\u00bb text_line_height=\u00a0\u00bb1.5em\u00a0\u00bb header_font=\u00a0\u00bb|||on|||||\u00a0\u00bb header_text_color=\u00a0\u00bb#EE530B\u00a0\u00bb custom_padding=\u00a0\u00bb||0px|||\u00a0\u00bb locked=\u00a0\u00bboff\u00a0\u00bb]<\/p>\n<h1 style=\"text-align: left;\">Informatique<\/h1>\n<p>L\u2019informatique \u00e9tant tr\u00e8s pr\u00e9sente dans notre vie quotidienne tant personnelle que professionnelle, il est indispensable de former les jeunes \u00e0 l\u2019utilisation d\u2019un ordinateur et aux technologies de la communication et de l\u2019information. Ils doivent devenir des utilisateurs comp\u00e9tents, autonomes, critiques et capables de s\u2019adapter \u00e0 l\u2019\u00e9volution de ce m\u00e9dia.<\/p>\n<p>Les finalit\u00e9s du cours sont\u00a0:<\/p>\n<ul>\n<li>former l\u2019esprit, comprendre et apporter des m\u00e9thodes de travail au travers des outils informatiques. Acqu\u00e9rir des comp\u00e9tences d\u2019analyse, de rigueur, d\u2019efficacit\u00e9, d\u2019organisation dans la compr\u00e9hension et la r\u00e9solution de situations li\u00e9es \u00e0 l\u2019usage des TIC\u2009;<\/li>\n<li>d\u00e9velopper, utiliser les moyens informatiques pour cr\u00e9er, communiquer et partager des informations,<\/li>\n<\/ul>\n<p>par l\u2019interm\u00e9diaire de contenus vari\u00e9s, par exemple\u00a0: se familiariser avec l\u2019environnement mat\u00e9riel et logiciel, comprendre et ma\u00eetriser les concepts de base d\u2019un syst\u00e8me d\u2019exploitation et d\u2019une interface graphique, utiliser Internet de mani\u00e8re pertinente et efficace par la recherche de donn\u00e9es et la communication, sensibiliser les \u00e9l\u00e8ves \u00e0 l\u2019existence et l\u2019utilisation de logiciels Open source,<\/p>\n<p>et gr\u00e2ce \u00e0 diverses activit\u00e9s, comme\u00a0:<\/p>\n<ul>\n<li>la cr\u00e9ation et publication d\u2019un site WEB (3e),<\/li>\n<li>la d\u00e9couverte des fonctionnalit\u00e9s essentielles d\u2019un traitement de texte et d\u2019un tableur (3e),<\/li>\n<li>la cr\u00e9ation d\u2019une s\u00e9quence audio (3e),<\/li>\n<li>l\u2019approfondissement des concepts li\u00e9s au tableur (4e)<\/li>\n<li>une premi\u00e8re approche des algorithmes et de la programmation et utilisation de robots (4e),<\/li>\n<li>la cr\u00e9ation d\u2019une s\u00e9quence vid\u00e9o et audio (4e).<\/li>\n<\/ul>\n<p>&nbsp;<\/p>\n<p>[\/et_pb_text][\/et_pb_column][\/et_pb_row][\/et_pb_section][et_pb_section fb_built=\u00a0\u00bb1&Prime; module_id=\u00a0\u00bbsport\u00a0\u00bb _builder_version=\u00a0\u00bb4.8.2&Prime; _module_preset=\u00a0\u00bbdefault\u00a0\u00bb background_color=\u00a0\u00bb#182844&Prime; custom_padding=\u00a0\u00bb||0px|||\u00a0\u00bb][et_pb_row _builder_version=\u00a0\u00bb4.8.2&Prime; _module_preset=\u00a0\u00bbdefault\u00a0\u00bb][et_pb_column type=\u00a0\u00bb4_4&Prime; _builder_version=\u00a0\u00bb4.8.2&Prime; _module_preset=\u00a0\u00bbdefault\u00a0\u00bb][et_pb_text _builder_version=\u00a0\u00bb4.8.2&Prime; text_font_size=\u00a0\u00bb16px\u00a0\u00bb text_line_height=\u00a0\u00bb2em\u00a0\u00bb header_text_color=\u00a0\u00bb#EE530B\u00a0\u00bb header_font_size=\u00a0\u00bb26px\u00a0\u00bb header_2_font=\u00a0\u00bb|||on|||||\u00a0\u00bb header_2_text_color=\u00a0\u00bb#0C71C3&Prime; header_2_font_size=\u00a0\u00bb60px\u00a0\u00bb header_2_line_height=\u00a0\u00bb1.2em\u00a0\u00bb custom_margin=\u00a0\u00bb-5px||3px|||\u00a0\u00bb text_font_size_tablet=\u00a0\u00bb14px\u00a0\u00bb text_font_size_phone=\u00a0\u00bb\u00a0\u00bb text_font_size_last_edited=\u00a0\u00bbon|phone\u00a0\u00bb header_2_font_size_tablet=\u00a0\u00bb40px\u00a0\u00bb header_2_font_size_phone=\u00a0\u00bb30px\u00a0\u00bb header_2_font_size_last_edited=\u00a0\u00bbon|phone\u00a0\u00bb locked=\u00a0\u00bboff\u00a0\u00bb]<\/p>\n<h2>La section sportive<\/h2>\n<h1>technique de transition, option \u00ab\u00a0\u00e9ducation physique\u00a0\u00bb<\/h1>\n<p>[\/et_pb_text][\/et_pb_column][\/et_pb_row][et_pb_row module_class=\u00a0\u00bbhoraire\u00a0\u00bb _builder_version=\u00a0\u00bb4.8.2&Prime; _module_preset=\u00a0\u00bbdefault\u00a0\u00bb custom_padding=\u00a0\u00bb3px|||||\u00a0\u00bb][et_pb_column type=\u00a0\u00bb4_4&Prime; _builder_version=\u00a0\u00bb4.6.6&Prime; _module_preset=\u00a0\u00bbdefault\u00a0\u00bb][et_pb_pricing_tables featured_table_background_color=\u00a0\u00bb#FFFFFF\u00a0\u00bb header_background_color=\u00a0\u00bb#ee530b\u00a0\u00bb show_bullet=\u00a0\u00bboff\u00a0\u00bb featured_table_price_color=\u00a0\u00bb#ee530b\u00a0\u00bb module_class=\u00a0\u00bbhoraire\u00a0\u00bb _builder_version=\u00a0\u00bb4.8.2&Prime; _module_preset=\u00a0\u00bbdefault\u00a0\u00bb price_text_color=\u00a0\u00bb#ee530b\u00a0\u00bb][et_pb_pricing_table subtitle=\u00a0\u00bbFormation commune obligatoire\u00a0\u00bb sum=\u00a0\u00bb27 \u00e0 31h\u00a0\u00bb _builder_version=\u00a0\u00bb4.8.2&Prime; _module_preset=\u00a0\u00bbdefault\u00a0\u00bb header_level=\u00a0\u00bbh1&Prime; header_font=\u00a0\u00bb|||on|||||\u00a0\u00bb header_font_size=\u00a0\u00bb74px\u00a0\u00bb subheader_font_size=\u00a0\u00bb20px\u00a0\u00bb subheader_line_height=\u00a0\u00bb5em\u00a0\u00bb price_font_size=\u00a0\u00bb35px\u00a0\u00bb background_enable_color=\u00a0\u00bboff\u00a0\u00bb sticky_transition=\u00a0\u00bbon\u00a0\u00bb]<\/p>\n<p>Religion <strong>2h<\/strong><br \/> Histoire <strong>2h<\/strong><br \/> G\u00e9ographie <strong>2h<\/strong><br \/> Fran\u00e7ais <strong>5h<\/strong><br \/> Math\u00e9matiques 5<strong>h<\/strong><strong><\/strong><br \/> Sciences <strong>3<\/strong> ou <strong>5h<\/strong><br \/> LM I (N\u00e9erlandais ou Anglais) <strong>4h<\/strong><br \/> LM II (Anglais ou N\u00e9erlandais) <strong>2<\/strong><strong> ou 4h<\/strong><br \/> Activit\u00e9s \u00ab\u2009Temps mieux\u2009\u00bb<\/p>\n<p>[\/et_pb_pricing_table][et_pb_pricing_table subtitle=\u00a0\u00bbOptions\u00a0\u00bb sum=\u00a0\u00bb8h\u00a0\u00bb header_background_color=\u00a0\u00bb#0c71c3&Prime; _builder_version=\u00a0\u00bb4.8.2&Prime; _module_preset=\u00a0\u00bbdefault\u00a0\u00bb price_text_color=\u00a0\u00bb#0c71c3&Prime; header_font_size=\u00a0\u00bb74px\u00a0\u00bb subheader_font_size=\u00a0\u00bb21px\u00a0\u00bb subheader_line_height=\u00a0\u00bb4.8em\u00a0\u00bb price_font_size=\u00a0\u00bb35px\u00a0\u00bb sticky_transition=\u00a0\u00bbon\u00a0\u00bb]<\/p>\n<p>Gymnastique sportive <strong>2h<\/strong><br \/> Athl\u00e9tisme, plein air, sports collectifs <strong>2h<\/strong><br \/> Natation <strong>3h<\/strong><br \/> Techniques d\u2019expression, d\u2019animation et de loisirs <strong>1h<\/strong><\/p>\n<p>Th\u00e9orie de l\u2019\u00e9ducation physique int\u00e9gr\u00e9e<\/p>\n<p>[\/et_pb_pricing_table][\/et_pb_pricing_tables][\/et_pb_column][\/et_pb_row][et_pb_row _builder_version=\u00a0\u00bb4.6.6&Prime; _module_preset=\u00a0\u00bbdefault\u00a0\u00bb locked=\u00a0\u00bboff\u00a0\u00bb][et_pb_column type=\u00a0\u00bb4_4&Prime; _builder_version=\u00a0\u00bb4.6.6&Prime; _module_preset=\u00a0\u00bbdefault\u00a0\u00bb][et_pb_button button_url=\u00a0\u00bbhttps:\/\/cste.be\/cse\/wp-content\/uploads\/2021\/03\/Grille-Options-2021-2022-2e-degre.pdf\u00a0\u00bb url_new_window=\u00a0\u00bbon\u00a0\u00bb button_text=\u00a0\u00bbVoir la grille horaire en PDF\u00a0\u00bb button_alignment=\u00a0\u00bbcenter\u00a0\u00bb disabled_on=\u00a0\u00bbon|on|on\u00a0\u00bb _builder_version=\u00a0\u00bb4.8.2&Prime; custom_button=\u00a0\u00bbon\u00a0\u00bb button_text_size=\u00a0\u00bb16px\u00a0\u00bb button_text_color=\u00a0\u00bb#FFFFFF\u00a0\u00bb button_bg_color=\u00a0\u00bbrgba(0,0,0,0)\u00a0\u00bb button_bg_image=\u00a0\u00bbhttps:\/\/cste.be\/cse\/v2\/wp-content\/uploads\/2020\/11\/Artboard-1.png\u00a0\u00bb button_bg_size=\u00a0\u00bbcontain\u00a0\u00bb button_bg_position=\u00a0\u00bbcenter_right\u00a0\u00bb button_border_width=\u00a0\u00bb0px\u00a0\u00bb button_border_color=\u00a0\u00bb#3d4a41&Prime; button_border_radius=\u00a0\u00bb0px\u00a0\u00bb button_font=\u00a0\u00bbDM Sans|600|||||||\u00a0\u00bb button_icon=\u00a0\u00bb%%3%%\u00a0\u00bb button_on_hover=\u00a0\u00bboff\u00a0\u00bb custom_margin=\u00a0\u00bb20px||||false|false\u00a0\u00bb custom_padding=\u00a0\u00bb16px|44px|16px|0px|true|false\u00a0\u00bb button_text_size_tablet=\u00a0\u00bb14px\u00a0\u00bb button_text_size_phone=\u00a0\u00bb\u00a0\u00bb button_text_size_last_edited=\u00a0\u00bbon|phone\u00a0\u00bb disabled=\u00a0\u00bbon\u00a0\u00bb locked=\u00a0\u00bboff\u00a0\u00bb][\/et_pb_button][\/et_pb_column][\/et_pb_row][et_pb_row _builder_version=\u00a0\u00bb4.8.2&Prime; _module_preset=\u00a0\u00bbdefault\u00a0\u00bb][et_pb_column type=\u00a0\u00bb4_4&Prime; _builder_version=\u00a0\u00bb4.8.2&Prime; _module_preset=\u00a0\u00bbdefault\u00a0\u00bb][et_pb_text _builder_version=\u00a0\u00bb4.8.2&Prime; _module_preset=\u00a0\u00bbdefault\u00a0\u00bb text_text_color=\u00a0\u00bb#FFFFFF\u00a0\u00bb text_line_height=\u00a0\u00bb1.5em\u00a0\u00bb header_font=\u00a0\u00bb|||on|||||\u00a0\u00bb header_text_color=\u00a0\u00bb#EE530B\u00a0\u00bb header_2_text_color=\u00a0\u00bb#FFFFFF\u00a0\u00bb text_orientation=\u00a0\u00bbjustified\u00a0\u00bb custom_margin=\u00a0\u00bb23px|||||\u00a0\u00bb custom_padding=\u00a0\u00bb||0px|||\u00a0\u00bb locked=\u00a0\u00bboff\u00a0\u00bb]<\/p>\n<h1 style=\"text-align: left;\">DESCRIPTIF DE L\u2019OPTION \u00c9DUCATION PHYSIQUE<\/h1>\n<h2>Objectifs g\u00e9n\u00e9raux<\/h2>\n<p>&nbsp;<\/p>\n<p><strong>Offerte aux jeunes gens et aux jeunes filles, l\u2019option \u00ab\u2009\u00e9ducation physique\u2009\u00bb compose une voie d\u2019\u00e9tudes secondaires enrichissantes au plan humain. On pourra y trouver en r\u00e9ponse aux int\u00e9r\u00eats de chacun\u00a0:<\/strong><\/p>\n<ul>\n<li>une pr\u00e9paration privil\u00e9gi\u00e9e \u00e0 des \u00e9tudes sup\u00e9rieures d\u2019\u00e9ducation physique, d\u2019enseignement, de sciences param\u00e9dicales\u2009;<\/li>\n<li>un moyen d\u2019affirmation de la personnalit\u00e9 sociale et une formation de base \u00e0 l\u2019animation largement ouverte sur une soci\u00e9t\u00e9 de plus en plus attentive aux loisirs actifs et \u00e0 l\u2019\u00e9ducation permanente\u2009;<\/li>\n<li>une r\u00e9ponse au besoin de mouvement cr\u00e9\u00e9 par les exigences d\u2019une vie scolaire qui ne m\u00e9nage plus assez de moments de d\u00e9tente\u2009;<\/li>\n<li>un facteur d\u2019\u00e9quilibration et de r\u00e9ussite, par l\u2019alternance des activit\u00e9s th\u00e9oriques et pratiques.<\/li>\n<\/ul>\n<p><strong>Dans cet esprit, l\u2019\u00e9ducation physique est un moyen bien plus qu\u2019une finalit\u00e9 et une v\u00e9ritable \u00e9ducation par le mouvement prise dans son concept le plus large.<\/strong><\/p>\n<p>Cette option est ouverte aux jeunes que tentent \u00e0 la fois la rigueur de l\u2019\u00e9tude, la souplesse de la cr\u00e9ativit\u00e9, le dynamisme de l\u2019effort, de l\u2019expression et du contact social.<\/p>\n<p>Au terme de la 6e ann\u00e9e, les choix d\u2019\u00e9tudes sup\u00e9rieures se pr\u00e9cisent\u00a0: l\u2019enseignement en milieu scolaire, l\u2019animation des groupes de loisirs, les institutions de jeunesse et de personnes \u00e2g\u00e9es, l\u2019entra\u00eenement sportif, la r\u00e9\u00e9ducation des handicap\u00e9s, la r\u00e9adaptation motrice&#8230;<\/p>\n<p><strong>Objectifs particuliers des cours de technique d\u2019expression, d\u2019animation et de loisir<\/strong><\/p>\n<ul>\n<li>Prendre conscience de ses capacit\u00e9s personnelles d\u2019expression en tant que moyens d\u2019entrer en relation avec des personnes et des groupes<\/li>\n<li>D\u00e9velopper des techniques d\u2019expression corporelle, manuelle et orale par le biais de la cr\u00e9ativit\u00e9 et de l\u2019improvisation<\/li>\n<li>Apprendre \u00e0 arbitrer un match, \u00e0 animer une s\u00e9quence d\u2019apprentissage, \u00e0 prendre un groupe en charge<\/li>\n<li>D\u00e9couvrir ses comp\u00e9tences \u00e0 l\u2019animation<\/li>\n<\/ul>\n<p><strong>Pour s\u2019inscrire dans cette option\u00a0:<\/strong><\/p>\n<p>Il est souhaitable que les \u00e9l\u00e8ves qui choisissent cette option aient les qualit\u00e9s personnelles suivantes\u00a0:<\/p>\n<ul>\n<li>avoir la volont\u00e9 et tout mettre en \u0153uvre pour comprendre et \u00e9tudier les notions th\u00e9oriques\u2009;<\/li>\n<li>poss\u00e9der une bonne sant\u00e9, des capacit\u00e9s psychomotrices normales, une r\u00e9sistance physique et nerveuse convenable (un certificat m\u00e9dical d\u2019aptitude sportive doit \u00eatre remis au moment de l\u2019inscription)\u2009;<\/li>\n<li>manifester des dispositions pour les activit\u00e9s impliquant une relation sociale\u00a0: expressivit\u00e9, adaptabilit\u00e9, facilit\u00e9 de contact, dynamisme, cr\u00e9ativit\u00e9.<\/li>\n<\/ul>\n<p>&nbsp;<\/p>\n<p>&nbsp;<\/p>\n<p>[\/et_pb_text][\/et_pb_column][\/et_pb_row][\/et_pb_section][et_pb_section fb_built=\u00a0\u00bb1&Prime; _builder_version=\u00a0\u00bb4.8.2&Prime; _module_preset=\u00a0\u00bbdefault\u00a0\u00bb background_color=\u00a0\u00bb#F0B800&Prime; use_background_color_gradient=\u00a0\u00bbon\u00a0\u00bb background_color_gradient_start=\u00a0\u00bb#0c71c3&Prime; background_color_gradient_end=\u00a0\u00bb#ee530b\u00a0\u00bb background_last_edited=\u00a0\u00bboff|desktop\u00a0\u00bb background__hover_enabled=\u00a0\u00bboff|desktop\u00a0\u00bb][et_pb_row _builder_version=\u00a0\u00bb4.8.2&Prime; _module_preset=\u00a0\u00bbdefault\u00a0\u00bb][et_pb_column type=\u00a0\u00bb4_4&Prime; _builder_version=\u00a0\u00bb4.8.2&Prime; _module_preset=\u00a0\u00bbdefault\u00a0\u00bb][et_pb_text _builder_version=\u00a0\u00bb4.8.2&Prime; text_font_size=\u00a0\u00bb16px\u00a0\u00bb text_line_height=\u00a0\u00bb2em\u00a0\u00bb header_text_color=\u00a0\u00bb#EE530B\u00a0\u00bb header_font_size=\u00a0\u00bb26px\u00a0\u00bb header_2_font=\u00a0\u00bb|||on|||||\u00a0\u00bb header_2_text_color=\u00a0\u00bb#0C71C3&Prime; header_2_font_size=\u00a0\u00bb60px\u00a0\u00bb header_2_line_height=\u00a0\u00bb1.2em\u00a0\u00bb custom_margin=\u00a0\u00bb-5px||3px|||\u00a0\u00bb text_font_size_tablet=\u00a0\u00bb14px\u00a0\u00bb text_font_size_phone=\u00a0\u00bb\u00a0\u00bb text_font_size_last_edited=\u00a0\u00bbon|phone\u00a0\u00bb header_2_font_size_tablet=\u00a0\u00bb40px\u00a0\u00bb header_2_font_size_phone=\u00a0\u00bb30px\u00a0\u00bb header_2_font_size_last_edited=\u00a0\u00bbon|phone\u00a0\u00bb locked=\u00a0\u00bboff\u00a0\u00bb]<\/p>\n<h2><span style=\"color: #ee530b;\">La section ARTs GRAPHIQUEs<\/span><\/h2>\n<h1><span style=\"color: #ffffff;\">technique de transition, option \u00ab\u00a0arts graphiques\u00a0\u00bb<\/span><\/h1>\n<p>[\/et_pb_text][et_pb_pricing_tables featured_table_background_color=\u00a0\u00bb#FFFFFF\u00a0\u00bb header_background_color=\u00a0\u00bb#ee530b\u00a0\u00bb show_bullet=\u00a0\u00bboff\u00a0\u00bb featured_table_price_color=\u00a0\u00bb#ee530b\u00a0\u00bb module_class=\u00a0\u00bbhoraire\u00a0\u00bb _builder_version=\u00a0\u00bb4.8.2&Prime; _module_preset=\u00a0\u00bbdefault\u00a0\u00bb price_text_color=\u00a0\u00bb#ee530b\u00a0\u00bb][et_pb_pricing_table subtitle=\u00a0\u00bbFormation commune obligatoire\u00a0\u00bb sum=\u00a0\u00bb27 \u00e0 31h\u00a0\u00bb _builder_version=\u00a0\u00bb4.8.2&Prime; _module_preset=\u00a0\u00bbdefault\u00a0\u00bb header_level=\u00a0\u00bbh1&Prime; header_font=\u00a0\u00bb|||on|||||\u00a0\u00bb header_font_size=\u00a0\u00bb74px\u00a0\u00bb subheader_font_size=\u00a0\u00bb20px\u00a0\u00bb subheader_line_height=\u00a0\u00bb5em\u00a0\u00bb price_font_size=\u00a0\u00bb35px\u00a0\u00bb background_enable_color=\u00a0\u00bboff\u00a0\u00bb sticky_transition=\u00a0\u00bbon\u00a0\u00bb]<\/p>\n<p>Religion <strong>2h<\/strong><br \/> Histoire <strong>2h<\/strong><br \/> G\u00e9ographie <strong>2h<\/strong><br \/> Fran\u00e7ais <strong>5h<\/strong><br \/> Math\u00e9matiques 5<strong>h<\/strong><strong><\/strong><br \/> Sciences <strong>3<\/strong> ou <strong>5h<\/strong><br \/> LM I (N\u00e9erlandais ou Anglais) <strong>4h<\/strong><br \/> LM II (Anglais ou N\u00e9erlandais) <strong>2<\/strong><strong>h<\/strong><br \/> Activit\u00e9s \u00ab\u2009Temps mieux\u2009\u00bb<\/p>\n<p>[\/et_pb_pricing_table][et_pb_pricing_table subtitle=\u00a0\u00bbOptions\u00a0\u00bb sum=\u00a0\u00bb7h\u00a0\u00bb header_background_color=\u00a0\u00bb#0c71c3&Prime; _builder_version=\u00a0\u00bb4.8.2&Prime; _module_preset=\u00a0\u00bbdefault\u00a0\u00bb price_text_color=\u00a0\u00bb#0c71c3&Prime; header_font_size=\u00a0\u00bb74px\u00a0\u00bb subheader_font_size=\u00a0\u00bb21px\u00a0\u00bb subheader_line_height=\u00a0\u00bb4.8em\u00a0\u00bb price_font_size=\u00a0\u00bb35px\u00a0\u00bb sticky_transition=\u00a0\u00bbon\u00a0\u00bb]<\/p>\n<p>Histoire de l&rsquo;art et analyse esth\u00e9tique <strong>1h<\/strong><br \/> Conception graphique <strong>6h<\/strong><\/p>\n<p>[\/et_pb_pricing_table][\/et_pb_pricing_tables][et_pb_text _builder_version=\u00a0\u00bb4.8.2&Prime; _module_preset=\u00a0\u00bbdefault\u00a0\u00bb text_text_color=\u00a0\u00bb#FFFFFF\u00a0\u00bb text_line_height=\u00a0\u00bb1.5em\u00a0\u00bb header_font=\u00a0\u00bb|||on|||||\u00a0\u00bb header_text_color=\u00a0\u00bb#EE530B\u00a0\u00bb header_2_text_color=\u00a0\u00bb#FFFFFF\u00a0\u00bb text_orientation=\u00a0\u00bbjustified\u00a0\u00bb custom_margin=\u00a0\u00bb23px|||||\u00a0\u00bb custom_padding=\u00a0\u00bb||0px|||\u00a0\u00bb locked=\u00a0\u00bboff\u00a0\u00bb]<\/p>\n<h1 style=\"text-align: left;\">DESCRIPTIF DE L\u2019OPTION arts graphiques<\/h1>\n<p><span style=\"font-size: 14px;\">L\u2019option \u00ab\u202fArts graphiques\u202f\u00bb vise \u00e0 initier les \u00e9l\u00e8ves \u00e0 la conception et \u00e0 la r\u00e9alisation de supports de communication visuelle en les confrontant aux principaux ateliers de la cha\u00eene graphique.<\/span><\/p>\n<p class=\"my-2 [&amp;+p]:mt-4 [&amp;_strong:has(+br)]:inline-block [&amp;_strong:has(+br)]:pb-2\">\n<h2 class=\"mb-2 mt-4 [.has-inline-images_&amp;]:clear-end font-sans visRefresh2026AnswerSerif:font-editorial font-semimedium visRefresh2026Fonts:font-bold text-base first:mt-0\">Objectifs g\u00e9n\u00e9raux<\/h2>\n<ul class=\"marker:text-quiet list-disc\">\n<li class=\"py-0 my-0 prose-p:pt-0 prose-p:mb-2 prose-p:my-0 [&amp;&gt;p]:pt-0 [&amp;&gt;p]:mb-2 [&amp;&gt;p]:my-0\">\n<p class=\"my-2 [&amp;+p]:mt-4 [&amp;_strong:has(+br)]:inline-block [&amp;_strong:has(+br)]:pb-2\">D\u00e9velopper une<span>\u00a0<\/span><strong>culture visuelle et artistique<\/strong><span>\u00a0<\/span>et un esprit critique en analysant des \u0153uvres, des images et des productions graphiques en lien avec les domaines de l\u2019imprimerie, de l\u2019\u00e9dition, de la publicit\u00e9, de la photographie et de la bande dessin\u00e9e.<span class=\"citation-nbsp\"><\/span><span class=\"group\/trigger inline-flex min-w-0\" data-state=\"closed\"><span class=\"citation inline-flex min-w-0\"><a rel=\"noopener\" class=\"inline-flex max-w-full min-w-0\" target=\"_blank\" href=\"https:\/\/vdbdidactiqueartsplastiques.wordpress.com\/wp-content\/uploads\/2015\/01\/segec-technique-de-transition-2e-et-3e-degrc3a9s-arts-graphiques.pdf\"><\/a><\/span><\/span><\/p>\n<\/li>\n<li class=\"py-0 my-0 prose-p:pt-0 prose-p:mb-2 prose-p:my-0 [&amp;&gt;p]:pt-0 [&amp;&gt;p]:mb-2 [&amp;&gt;p]:my-0\">\n<p class=\"my-2 [&amp;+p]:mt-4 [&amp;_strong:has(+br)]:inline-block [&amp;_strong:has(+br)]:pb-2\">Approfondir la<span>\u00a0<\/span><strong>ma\u00eetrise du dessin et des techniques graphiques<\/strong><span>\u00a0<\/span>par l\u2019observation, la composition et la mise au net d\u2019illustrations au sein de l\u2019atelier dessin et de l\u2019atelier techniques graphiques.<span class=\"citation-nbsp\"><\/span><span class=\"group\/trigger inline-flex min-w-0\" data-state=\"closed\"><span class=\"citation inline-flex min-w-0\"><a rel=\"noopener\" class=\"inline-flex max-w-full min-w-0\" target=\"_blank\" href=\"https:\/\/fr.scribd.com\/document\/578803734\/Segec-Technique-de-Transition-2e-Et-3e-Degrc3a9s-Arts-Graphiques\"><\/a><\/span><\/span><\/p>\n<\/li>\n<li class=\"py-0 my-0 prose-p:pt-0 prose-p:mb-2 prose-p:my-0 [&amp;&gt;p]:pt-0 [&amp;&gt;p]:mb-2 [&amp;&gt;p]:my-0\">\n<p class=\"my-2 [&amp;+p]:mt-4 [&amp;_strong:has(+br)]:inline-block [&amp;_strong:has(+br)]:pb-2\">Initier l\u2019\u00e9l\u00e8ve aux<span>\u00a0<\/span><strong>principes du graphisme<\/strong><span>\u00a0<\/span>(typographie, mise en page, relation texte\u2013image, identit\u00e9 visuelle) au travers de l\u2019atelier graphisme et de projets de communication visuelle.<span class=\"citation-nbsp\"><\/span><span class=\"group\/trigger inline-flex min-w-0\" data-state=\"closed\"><span class=\"citation inline-flex min-w-0\"><a rel=\"noopener\" class=\"inline-flex max-w-full min-w-0\" target=\"_blank\" href=\"https:\/\/vdbdidactiqueartsplastiques.wordpress.com\/wp-content\/uploads\/2015\/01\/segec-technique-de-transition-2e-et-3e-degrc3a9s-arts-graphiques.pdf\"><\/a><\/span><\/span><\/p>\n<\/li>\n<li class=\"py-0 my-0 prose-p:pt-0 prose-p:mb-2 prose-p:my-0 [&amp;&gt;p]:pt-0 [&amp;&gt;p]:mb-2 [&amp;&gt;p]:my-0\">\n<p class=\"my-2 [&amp;+p]:mt-4 [&amp;_strong:has(+br)]:inline-block [&amp;_strong:has(+br)]:pb-2\">D\u00e9couvrir et pratiquer les<span>\u00a0<\/span><strong>outils num\u00e9riques d\u2019infographie<\/strong><span>\u00a0<\/span>(retouche d\u2019image, mise en page, pr\u00e9paration de fichiers) pour comprendre la place du num\u00e9rique dans la cha\u00eene graphique.<span class=\"citation-nbsp\"><\/span><span class=\"group\/trigger inline-flex min-w-0\" data-state=\"closed\"><span class=\"citation inline-flex min-w-0\"><a rel=\"noopener\" class=\"inline-flex max-w-full min-w-0\" target=\"_blank\" href=\"https:\/\/fr.scribd.com\/document\/578803734\/Segec-Technique-de-Transition-2e-Et-3e-Degrc3a9s-Arts-Graphiques\"><\/a><\/span><\/span><\/p>\n<\/li>\n<li class=\"py-0 my-0 prose-p:pt-0 prose-p:mb-2 prose-p:my-0 [&amp;&gt;p]:pt-0 [&amp;&gt;p]:mb-2 [&amp;&gt;p]:my-0\">\n<p class=\"my-2 [&amp;+p]:mt-4 [&amp;_strong:has(+br)]:inline-block [&amp;_strong:has(+br)]:pb-2\">S\u2019initier \u00e0 la<span>\u00a0<\/span><strong>photographie traditionnelle et num\u00e9rique<\/strong><span>\u00a0<\/span>(prise de vue, cadrage, lumi\u00e8re, s\u00e9lection et traitement des images) dans le cadre de l\u2019atelier photographie.<span class=\"citation-nbsp\"><\/span><span class=\"group\/trigger inline-flex min-w-0\" data-state=\"closed\"><span class=\"citation inline-flex min-w-0\"><a rel=\"noopener\" class=\"inline-flex max-w-full min-w-0\" target=\"_blank\" href=\"https:\/\/vdbdidactiqueartsplastiques.wordpress.com\/wp-content\/uploads\/2015\/01\/segec-technique-de-transition-2e-et-3e-degrc3a9s-arts-graphiques.pdf\"><\/a><\/span><\/span><\/p>\n<\/li>\n<li class=\"py-0 my-0 prose-p:pt-0 prose-p:mb-2 prose-p:my-0 [&amp;&gt;p]:pt-0 [&amp;&gt;p]:mb-2 [&amp;&gt;p]:my-0\">\n<p class=\"my-2 [&amp;+p]:mt-4 [&amp;_strong:has(+br)]:inline-block [&amp;_strong:has(+br)]:pb-2\">Exp\u00e9rimenter des<span>\u00a0<\/span><strong>proc\u00e9d\u00e9s d\u2019impression et de reproduction<\/strong><span>\u00a0<\/span>tels que la s\u00e9rigraphie et d\u2019autres techniques d\u2019atelier afin de relier conception et fabrication concr\u00e8te.<span class=\"citation-nbsp\"><\/span><span class=\"group\/trigger inline-flex min-w-0\" data-state=\"closed\"><span class=\"citation inline-flex min-w-0\"><a rel=\"noopener\" class=\"inline-flex max-w-full min-w-0\" target=\"_blank\" href=\"https:\/\/fr.scribd.com\/document\/578803734\/Segec-Technique-de-Transition-2e-Et-3e-Degrc3a9s-Arts-Graphiques\"><\/a><\/span><\/span><\/p>\n<\/li>\n<li class=\"py-0 my-0 prose-p:pt-0 prose-p:mb-2 prose-p:my-0 [&amp;&gt;p]:pt-0 [&amp;&gt;p]:mb-2 [&amp;&gt;p]:my-0\">\n<p class=\"my-2 [&amp;+p]:mt-4 [&amp;_strong:has(+br)]:inline-block [&amp;_strong:has(+br)]:pb-2\">D\u00e9velopper une<span>\u00a0<\/span><strong>d\u00e9marche de projet en publicit\u00e9<\/strong><span>\u00a0<\/span>en partant d\u2019un message \u00e0 communiquer, en explorant diff\u00e9rentes pistes cr\u00e9atives, puis en r\u00e9alisant des maquettes et supports finalis\u00e9s dans l\u2019atelier publicit\u00e9.<span class=\"citation-nbsp\"><\/span><span class=\"group\/trigger inline-flex min-w-0\" data-state=\"closed\"><span class=\"citation inline-flex min-w-0\"><a rel=\"noopener\" class=\"inline-flex max-w-full min-w-0\" target=\"_blank\" href=\"https:\/\/vdbdidactiqueartsplastiques.wordpress.com\/wp-content\/uploads\/2015\/01\/segec-technique-de-transition-2e-et-3e-degrc3a9s-arts-graphiques.pdf\"><\/a><\/span><\/span><\/p>\n<\/li>\n<li class=\"py-0 my-0 prose-p:pt-0 prose-p:mb-2 prose-p:my-0 [&amp;&gt;p]:pt-0 [&amp;&gt;p]:mb-2 [&amp;&gt;p]:my-0\">\n<p class=\"my-2 [&amp;+p]:mt-4 [&amp;_strong:has(+br)]:inline-block [&amp;_strong:has(+br)]:pb-2\">Encourager l\u2019<strong>autonomie, l\u2019esprit de recherche et la cr\u00e9ativit\u00e9<\/strong><span>\u00a0<\/span>en amenant l\u2019\u00e9l\u00e8ve \u00e0 explorer des harmonies nouvelles, \u00e0 exp\u00e9rimenter des mat\u00e9riaux et \u00e0 affiner ses choix esth\u00e9tiques.<\/p>\n<\/li>\n<\/ul>\n<p>[\/et_pb_text][\/et_pb_column][\/et_pb_row][\/et_pb_section][et_pb_section fb_built=\u00a0\u00bb1&Prime; module_id=\u00a0\u00bbartistique\u00a0\u00bb _builder_version=\u00a0\u00bb4.8.2&Prime; _module_preset=\u00a0\u00bbdefault\u00a0\u00bb custom_padding=\u00a0\u00bb||0px|||\u00a0\u00bb][et_pb_row _builder_version=\u00a0\u00bb4.8.2&Prime; _module_preset=\u00a0\u00bbdefault\u00a0\u00bb][et_pb_column type=\u00a0\u00bb4_4&Prime; _builder_version=\u00a0\u00bb4.8.2&Prime; _module_preset=\u00a0\u00bbdefault\u00a0\u00bb][et_pb_text _builder_version=\u00a0\u00bb4.8.2&Prime; text_font_size=\u00a0\u00bb16px\u00a0\u00bb text_line_height=\u00a0\u00bb2em\u00a0\u00bb header_text_color=\u00a0\u00bb#EE530B\u00a0\u00bb header_font_size=\u00a0\u00bb26px\u00a0\u00bb header_2_font=\u00a0\u00bb|||on|||||\u00a0\u00bb header_2_text_color=\u00a0\u00bb#0C71C3&Prime; header_2_font_size=\u00a0\u00bb60px\u00a0\u00bb header_2_line_height=\u00a0\u00bb1.2em\u00a0\u00bb custom_margin=\u00a0\u00bb-5px||3px|||\u00a0\u00bb text_font_size_tablet=\u00a0\u00bb14px\u00a0\u00bb text_font_size_phone=\u00a0\u00bb\u00a0\u00bb text_font_size_last_edited=\u00a0\u00bbon|phone\u00a0\u00bb header_2_font_size_tablet=\u00a0\u00bb40px\u00a0\u00bb header_2_font_size_phone=\u00a0\u00bb30px\u00a0\u00bb header_2_font_size_last_edited=\u00a0\u00bbon|phone\u00a0\u00bb locked=\u00a0\u00bboff\u00a0\u00bb]<\/p>\n<h1>3e<\/h1>\n<h2>techniques artistiques<\/h2>\n<h1>technique de qualification<\/h1>\n<p>[\/et_pb_text][et_pb_text _builder_version=\u00a0\u00bb4.8.2&Prime; _module_preset=\u00a0\u00bbdefault\u00a0\u00bb text_text_color=\u00a0\u00bb#000000&Prime;]Au terme d\u2019un parcours dans l\u2019enseignement technique de qualification,<br \/>\nle jeune peut acc\u00e9der \u00e0 une profession bien identifi\u00e9e, mais peut aussi entamer des \u00e9tudes sup\u00e9rieures[\/et_pb_text][\/et_pb_column][\/et_pb_row][et_pb_row module_class=\u00a0\u00bbhoraire\u00a0\u00bb _builder_version=\u00a0\u00bb4.8.2&Prime; _module_preset=\u00a0\u00bbdefault\u00a0\u00bb custom_padding=\u00a0\u00bb3px|||||\u00a0\u00bb][et_pb_column type=\u00a0\u00bb4_4&Prime; _builder_version=\u00a0\u00bb4.6.6&Prime; _module_preset=\u00a0\u00bbdefault\u00a0\u00bb][et_pb_pricing_tables header_background_color=\u00a0\u00bb#ee530b\u00a0\u00bb show_bullet=\u00a0\u00bboff\u00a0\u00bb featured_table_price_color=\u00a0\u00bb#ee530b\u00a0\u00bb module_class=\u00a0\u00bbhoraire\u00a0\u00bb _builder_version=\u00a0\u00bb4.8.2&Prime; _module_preset=\u00a0\u00bbdefault\u00a0\u00bb price_text_color=\u00a0\u00bb#ee530b\u00a0\u00bb][et_pb_pricing_table subtitle=\u00a0\u00bbFormation commune obligatoire\u00a0\u00bb sum=\u00a0\u00bb17h\u00a0\u00bb _builder_version=\u00a0\u00bb4.8.2&Prime; _module_preset=\u00a0\u00bbdefault\u00a0\u00bb header_level=\u00a0\u00bbh1&Prime; header_font=\u00a0\u00bb|||on|||||\u00a0\u00bb header_font_size=\u00a0\u00bb74px\u00a0\u00bb subheader_font_size=\u00a0\u00bb20px\u00a0\u00bb subheader_line_height=\u00a0\u00bb5em\u00a0\u00bb price_font_size=\u00a0\u00bb35px\u00a0\u00bb sticky_transition=\u00a0\u00bbon\u00a0\u00bb]<\/p>\n<p>Religion <strong>2h<\/strong><strong><\/strong><br \/> Fran\u00e7ais <strong>4h<br \/> <\/strong>\u00c9ducation physique <strong>2h<\/strong><br \/> Math\u00e9matiques <strong>2h<br \/> <\/strong>Formation historique et g\u00e9ographique<strong> 2h<\/strong><strong><\/strong><br \/> Formation scientifique sciences <strong>2h<\/strong><strong><\/strong><br \/> Anglais <strong>3h<br \/> <\/strong>Activit\u00e9s \u00ab\u2009Temps mieux\u2009\u00bb<strong><br \/> <\/strong><\/p>\n<p>[\/et_pb_pricing_table][et_pb_pricing_table subtitle=\u00a0\u00bbCours d&rsquo;option\u00a0\u00bb sum=\u00a0\u00bb16h\u00a0\u00bb header_background_color=\u00a0\u00bb#0c71c3&Prime; _builder_version=\u00a0\u00bb4.8.2&Prime; _module_preset=\u00a0\u00bbdefault\u00a0\u00bb price_text_color=\u00a0\u00bb#0c71c3&Prime; header_font_size=\u00a0\u00bb74px\u00a0\u00bb subheader_font_size=\u00a0\u00bb21px\u00a0\u00bb subheader_line_height=\u00a0\u00bb4.8em\u00a0\u00bb price_font_size=\u00a0\u00bb35px\u00a0\u00bb sticky_transition=\u00a0\u00bbon\u00a0\u00bb]<\/p>\n<p>Dessin d\u2019analyse, cr\u00e9ation artistique <strong>8h<\/strong><br \/> Histoire de l\u2019art, analyse esth\u00e9tique <strong>2h<\/strong><br \/> \u00c9ducation plastique <strong>6h<\/strong><\/p>\n<p>[\/et_pb_pricing_table][\/et_pb_pricing_tables][\/et_pb_column][\/et_pb_row][et_pb_row _builder_version=\u00a0\u00bb4.6.6&Prime; _module_preset=\u00a0\u00bbdefault\u00a0\u00bb locked=\u00a0\u00bboff\u00a0\u00bb][et_pb_column type=\u00a0\u00bb4_4&Prime; _builder_version=\u00a0\u00bb4.6.6&Prime; _module_preset=\u00a0\u00bbdefault\u00a0\u00bb][et_pb_button button_url=\u00a0\u00bbhttps:\/\/cste.be\/cse\/wp-content\/uploads\/2021\/03\/Grille-Options-2021-2022-2e-degre.pdf\u00a0\u00bb url_new_window=\u00a0\u00bbon\u00a0\u00bb button_text=\u00a0\u00bbVoir la grille horaire en PDF\u00a0\u00bb button_alignment=\u00a0\u00bbcenter\u00a0\u00bb disabled_on=\u00a0\u00bbon|on|on\u00a0\u00bb _builder_version=\u00a0\u00bb4.8.2&Prime; custom_button=\u00a0\u00bbon\u00a0\u00bb button_text_size=\u00a0\u00bb16px\u00a0\u00bb button_text_color=\u00a0\u00bb#000000&Prime; button_bg_color=\u00a0\u00bbrgba(0,0,0,0)\u00a0\u00bb button_bg_image=\u00a0\u00bbhttps:\/\/cste.be\/cse\/v2\/wp-content\/uploads\/2020\/11\/Artboard-1.png\u00a0\u00bb button_bg_size=\u00a0\u00bbcontain\u00a0\u00bb button_bg_position=\u00a0\u00bbcenter_right\u00a0\u00bb button_border_width=\u00a0\u00bb0px\u00a0\u00bb button_border_color=\u00a0\u00bb#3d4a41&Prime; button_border_radius=\u00a0\u00bb0px\u00a0\u00bb button_font=\u00a0\u00bbDM Sans|600|||||||\u00a0\u00bb button_icon=\u00a0\u00bb%%3%%\u00a0\u00bb button_on_hover=\u00a0\u00bboff\u00a0\u00bb custom_margin=\u00a0\u00bb20px||||false|false\u00a0\u00bb custom_padding=\u00a0\u00bb16px|44px|16px|0px|true|false\u00a0\u00bb button_text_size_tablet=\u00a0\u00bb14px\u00a0\u00bb button_text_size_phone=\u00a0\u00bb\u00a0\u00bb button_text_size_last_edited=\u00a0\u00bbon|phone\u00a0\u00bb disabled=\u00a0\u00bbon\u00a0\u00bb locked=\u00a0\u00bboff\u00a0\u00bb][\/et_pb_button][\/et_pb_column][\/et_pb_row][et_pb_row _builder_version=\u00a0\u00bb4.8.2&Prime; _module_preset=\u00a0\u00bbdefault\u00a0\u00bb custom_padding=\u00a0\u00bb||0px|||\u00a0\u00bb][et_pb_column type=\u00a0\u00bb4_4&Prime; _builder_version=\u00a0\u00bb4.8.2&Prime; _module_preset=\u00a0\u00bbdefault\u00a0\u00bb][et_pb_text _builder_version=\u00a0\u00bb4.8.2&Prime; _module_preset=\u00a0\u00bbdefault\u00a0\u00bb text_line_height=\u00a0\u00bb1.5em\u00a0\u00bb header_font=\u00a0\u00bb|||on|||||\u00a0\u00bb header_text_color=\u00a0\u00bb#EE530B\u00a0\u00bb text_orientation=\u00a0\u00bbjustified\u00a0\u00bb custom_margin=\u00a0\u00bb23px|||||\u00a0\u00bb custom_padding=\u00a0\u00bb||0px|||\u00a0\u00bb locked=\u00a0\u00bboff\u00a0\u00bb]<\/p>\n<h1 style=\"text-align: left;\">DESCRIPTIF de L\u2019option \u00ab\u2009techniques artistiques\u2009\u00bb<\/h1>\n<h2><\/h2>\n<h2>Plusieurs objectifs g\u00e9n\u00e9raux\u00a0:<\/h2>\n<p>&nbsp;<\/p>\n<p><strong>L\u2019observation\u00a0: d\u00e9velopper la capacit\u00e9 d\u2019analyse objective du monde qui nous entoure\u00a0:<\/strong><\/p>\n<ul>\n<li>apprendre \u00e0 voir les diff\u00e9rents \u00e9l\u00e9ments constitutifs du monde qui nous entoure,<\/li>\n<li>souligner progressivement les combinaisons de tous ces \u00e9l\u00e9ments<\/li>\n<li>d\u00e9velopper progressivement des m\u00e9thodes d\u2019analyse de l\u2019image.<\/li>\n<\/ul>\n<p><strong>L\u2019imagination\u00a0: affiner la perception subjective, c\u2019est-\u00e0-dire la vision personnelle du monde qui nous entoure\u00a0:<\/strong><\/p>\n<ul>\n<li>multiplier les occasions d\u2019observer et d\u2019analyser la r\u00e9alit\u00e9,<\/li>\n<li>d\u00e9velopper la m\u00e9moire et en particulier la m\u00e9moire visuelle,<\/li>\n<li>laisser s\u2019exprimer l\u2019imagination.<\/li>\n<\/ul>\n<p><strong>L\u2019approche gestuelle et technique\u00a0: celle-ci concerne autant les cours de syst\u00e9matisation th\u00e9orique que les cours d\u2019exp\u00e9rimentations ou d\u2019applications pratiques\u00a0:<\/strong><\/p>\n<ul>\n<li>identifier, exp\u00e9rimenter, analyser les techniques de base utilis\u00e9es (outils, supports, proc\u00e9d\u00e9s&#8230;),<\/li>\n<li>\u00e9valuer les possibilit\u00e9s qu\u2019elles offrent au niveau de l\u2019expression,<\/li>\n<li>choisir progressivement la technique, le support pour les mettre au service d\u2019une d\u00e9marche cr\u00e9ative,<\/li>\n<li>d\u00e9velopper la pr\u00e9cision du geste et les capacit\u00e9s psychomotrices (impulsion &#8211; pr\u00e9cision &#8211; vitesse).<\/li>\n<\/ul>\n<p>&nbsp;<\/p>\n<p>&nbsp;<\/p>\n<p>&nbsp;<\/p>\n<p>[\/et_pb_text][\/et_pb_column][\/et_pb_row][\/et_pb_section][et_pb_section fb_built=\u00a0\u00bb1&Prime; module_id=\u00a0\u00bbartistique\u00a0\u00bb _builder_version=\u00a0\u00bb4.8.2&Prime; _module_preset=\u00a0\u00bbdefault\u00a0\u00bb custom_padding=\u00a0\u00bb||0px|||\u00a0\u00bb][et_pb_row _builder_version=\u00a0\u00bb4.8.2&Prime; _module_preset=\u00a0\u00bbdefault\u00a0\u00bb][et_pb_column type=\u00a0\u00bb4_4&Prime; _builder_version=\u00a0\u00bb4.8.2&Prime; _module_preset=\u00a0\u00bbdefault\u00a0\u00bb][et_pb_text _builder_version=\u00a0\u00bb4.8.2&Prime; text_font_size=\u00a0\u00bb16px\u00a0\u00bb text_line_height=\u00a0\u00bb2em\u00a0\u00bb header_text_color=\u00a0\u00bb#EE530B\u00a0\u00bb header_font_size=\u00a0\u00bb26px\u00a0\u00bb header_2_font=\u00a0\u00bb|||on|||||\u00a0\u00bb header_2_text_color=\u00a0\u00bb#0C71C3&Prime; header_2_font_size=\u00a0\u00bb60px\u00a0\u00bb header_2_line_height=\u00a0\u00bb1.2em\u00a0\u00bb custom_margin=\u00a0\u00bb-5px||3px|||\u00a0\u00bb text_font_size_tablet=\u00a0\u00bb14px\u00a0\u00bb text_font_size_phone=\u00a0\u00bb\u00a0\u00bb text_font_size_last_edited=\u00a0\u00bbon|phone\u00a0\u00bb header_2_font_size_tablet=\u00a0\u00bb40px\u00a0\u00bb header_2_font_size_phone=\u00a0\u00bb30px\u00a0\u00bb header_2_font_size_last_edited=\u00a0\u00bbon|phone\u00a0\u00bb locked=\u00a0\u00bboff\u00a0\u00bb]<\/p>\n<h1>4e<\/h1>\n<h2>technicien.ne en infographie<\/h2>\n<h1>technique de qualification<\/h1>\n<p>[\/et_pb_text][et_pb_text _builder_version=\u00a0\u00bb4.8.2&Prime; _module_preset=\u00a0\u00bbdefault\u00a0\u00bb text_text_color=\u00a0\u00bb#000000&Prime;]Au terme d\u2019un parcours dans l\u2019enseignement technique de qualification,<br \/>\nle jeune peut acc\u00e9der \u00e0 une profession bien identifi\u00e9e, mais peut aussi entamer des \u00e9tudes sup\u00e9rieures[\/et_pb_text][\/et_pb_column][\/et_pb_row][et_pb_row module_class=\u00a0\u00bbhoraire\u00a0\u00bb _builder_version=\u00a0\u00bb4.8.2&Prime; _module_preset=\u00a0\u00bbdefault\u00a0\u00bb custom_padding=\u00a0\u00bb3px|||||\u00a0\u00bb][et_pb_column type=\u00a0\u00bb4_4&Prime; _builder_version=\u00a0\u00bb4.6.6&Prime; _module_preset=\u00a0\u00bbdefault\u00a0\u00bb][et_pb_pricing_tables header_background_color=\u00a0\u00bb#ee530b\u00a0\u00bb show_bullet=\u00a0\u00bboff\u00a0\u00bb featured_table_price_color=\u00a0\u00bb#ee530b\u00a0\u00bb module_class=\u00a0\u00bbhoraire\u00a0\u00bb _builder_version=\u00a0\u00bb4.8.2&Prime; _module_preset=\u00a0\u00bbdefault\u00a0\u00bb price_text_color=\u00a0\u00bb#ee530b\u00a0\u00bb][et_pb_pricing_table subtitle=\u00a0\u00bbFormation commune obligatoire\u00a0\u00bb sum=\u00a0\u00bb17h\u00a0\u00bb _builder_version=\u00a0\u00bb4.8.2&Prime; _module_preset=\u00a0\u00bbdefault\u00a0\u00bb header_level=\u00a0\u00bbh1&Prime; header_font=\u00a0\u00bb|||on|||||\u00a0\u00bb header_font_size=\u00a0\u00bb74px\u00a0\u00bb subheader_font_size=\u00a0\u00bb20px\u00a0\u00bb subheader_line_height=\u00a0\u00bb5em\u00a0\u00bb price_font_size=\u00a0\u00bb35px\u00a0\u00bb sticky_transition=\u00a0\u00bbon\u00a0\u00bb]<\/p>\n<p>Religion <strong>2h<\/strong><strong><\/strong><br \/> Fran\u00e7ais <strong>4h<br \/> <\/strong>\u00c9ducation physique <strong>2h<\/strong><br \/> Math\u00e9matiques <strong>2h<br \/> <\/strong>Formation historique et g\u00e9ographique<strong> 2h<\/strong><strong><\/strong><br \/> Formation scientifique sciences <strong>2h<\/strong><strong><\/strong><br \/> Anglais <strong>3h<br \/> <\/strong>Activit\u00e9s \u00ab\u2009Temps mieux\u2009\u00bb<strong><br \/> <\/strong><\/p>\n<p>[\/et_pb_pricing_table][et_pb_pricing_table subtitle=\u00a0\u00bbCours d&rsquo;option\u00a0\u00bb sum=\u00a0\u00bb16h\u00a0\u00bb header_background_color=\u00a0\u00bb#0c71c3&Prime; _builder_version=\u00a0\u00bb4.8.2&Prime; _module_preset=\u00a0\u00bbdefault\u00a0\u00bb price_text_color=\u00a0\u00bb#0c71c3&Prime; header_font_size=\u00a0\u00bb74px\u00a0\u00bb subheader_font_size=\u00a0\u00bb21px\u00a0\u00bb subheader_line_height=\u00a0\u00bb4.8em\u00a0\u00bb price_font_size=\u00a0\u00bb35px\u00a0\u00bb sticky_transition=\u00a0\u00bbon\u00a0\u00bb]<\/p>\n<p>Dessin d\u2019analyse, cr\u00e9ation artistique <strong>8h<\/strong><br \/> Histoire de l\u2019art, analyse esth\u00e9tique <strong>2h<\/strong><br \/> Studio\u00a0<strong>6h<\/strong><\/p>\n<p>[\/et_pb_pricing_table][\/et_pb_pricing_tables][\/et_pb_column][\/et_pb_row][et_pb_row _builder_version=\u00a0\u00bb4.6.6&Prime; _module_preset=\u00a0\u00bbdefault\u00a0\u00bb locked=\u00a0\u00bboff\u00a0\u00bb][et_pb_column type=\u00a0\u00bb4_4&Prime; _builder_version=\u00a0\u00bb4.6.6&Prime; _module_preset=\u00a0\u00bbdefault\u00a0\u00bb][et_pb_button button_url=\u00a0\u00bbhttps:\/\/cste.be\/cse\/wp-content\/uploads\/2021\/03\/Grille-Options-2021-2022-2e-degre.pdf\u00a0\u00bb url_new_window=\u00a0\u00bbon\u00a0\u00bb button_text=\u00a0\u00bbVoir la grille horaire en PDF\u00a0\u00bb button_alignment=\u00a0\u00bbcenter\u00a0\u00bb disabled_on=\u00a0\u00bbon|on|on\u00a0\u00bb _builder_version=\u00a0\u00bb4.8.2&Prime; custom_button=\u00a0\u00bbon\u00a0\u00bb button_text_size=\u00a0\u00bb16px\u00a0\u00bb button_text_color=\u00a0\u00bb#000000&Prime; button_bg_color=\u00a0\u00bbrgba(0,0,0,0)\u00a0\u00bb button_bg_image=\u00a0\u00bbhttps:\/\/cste.be\/cse\/v2\/wp-content\/uploads\/2020\/11\/Artboard-1.png\u00a0\u00bb button_bg_size=\u00a0\u00bbcontain\u00a0\u00bb button_bg_position=\u00a0\u00bbcenter_right\u00a0\u00bb button_border_width=\u00a0\u00bb0px\u00a0\u00bb button_border_color=\u00a0\u00bb#3d4a41&Prime; button_border_radius=\u00a0\u00bb0px\u00a0\u00bb button_font=\u00a0\u00bbDM Sans|600|||||||\u00a0\u00bb button_icon=\u00a0\u00bb%%3%%\u00a0\u00bb button_on_hover=\u00a0\u00bboff\u00a0\u00bb custom_margin=\u00a0\u00bb20px||||false|false\u00a0\u00bb custom_padding=\u00a0\u00bb16px|44px|16px|0px|true|false\u00a0\u00bb button_text_size_tablet=\u00a0\u00bb14px\u00a0\u00bb button_text_size_phone=\u00a0\u00bb\u00a0\u00bb button_text_size_last_edited=\u00a0\u00bbon|phone\u00a0\u00bb disabled=\u00a0\u00bbon\u00a0\u00bb locked=\u00a0\u00bboff\u00a0\u00bb][\/et_pb_button][\/et_pb_column][\/et_pb_row][et_pb_row column_structure=\u00a0\u00bb3_5,2_5&Prime; _builder_version=\u00a0\u00bb4.8.2&Prime; _module_preset=\u00a0\u00bbdefault\u00a0\u00bb][et_pb_column type=\u00a0\u00bb3_5&Prime; _builder_version=\u00a0\u00bb4.8.2&Prime; _module_preset=\u00a0\u00bbdefault\u00a0\u00bb][et_pb_text _builder_version=\u00a0\u00bb4.8.2&Prime; _module_preset=\u00a0\u00bbdefault\u00a0\u00bb text_line_height=\u00a0\u00bb1.5em\u00a0\u00bb header_font=\u00a0\u00bb|||on|||||\u00a0\u00bb header_text_color=\u00a0\u00bb#ee530b\u00a0\u00bb vertical_offset_tablet=\u00a0\u00bb0&Prime; horizontal_offset_tablet=\u00a0\u00bb0&Prime; text_orientation=\u00a0\u00bbjustified\u00a0\u00bb custom_margin=\u00a0\u00bb23px|||||\u00a0\u00bb custom_padding=\u00a0\u00bb||0px|||\u00a0\u00bb z_index_tablet=\u00a0\u00bb0&Prime; text_text_shadow_horizontal_length_tablet=\u00a0\u00bb0px\u00a0\u00bb text_text_shadow_vertical_length_tablet=\u00a0\u00bb0px\u00a0\u00bb text_text_shadow_blur_strength_tablet=\u00a0\u00bb1px\u00a0\u00bb link_text_shadow_horizontal_length_tablet=\u00a0\u00bb0px\u00a0\u00bb link_text_shadow_vertical_length_tablet=\u00a0\u00bb0px\u00a0\u00bb link_text_shadow_blur_strength_tablet=\u00a0\u00bb1px\u00a0\u00bb ul_text_shadow_horizontal_length_tablet=\u00a0\u00bb0px\u00a0\u00bb ul_text_shadow_vertical_length_tablet=\u00a0\u00bb0px\u00a0\u00bb ul_text_shadow_blur_strength_tablet=\u00a0\u00bb1px\u00a0\u00bb ol_text_shadow_horizontal_length_tablet=\u00a0\u00bb0px\u00a0\u00bb ol_text_shadow_vertical_length_tablet=\u00a0\u00bb0px\u00a0\u00bb ol_text_shadow_blur_strength_tablet=\u00a0\u00bb1px\u00a0\u00bb quote_text_shadow_horizontal_length_tablet=\u00a0\u00bb0px\u00a0\u00bb quote_text_shadow_vertical_length_tablet=\u00a0\u00bb0px\u00a0\u00bb quote_text_shadow_blur_strength_tablet=\u00a0\u00bb1px\u00a0\u00bb header_text_shadow_horizontal_length_tablet=\u00a0\u00bb0px\u00a0\u00bb header_text_shadow_vertical_length_tablet=\u00a0\u00bb0px\u00a0\u00bb header_text_shadow_blur_strength_tablet=\u00a0\u00bb1px\u00a0\u00bb header_2_text_shadow_horizontal_length_tablet=\u00a0\u00bb0px\u00a0\u00bb header_2_text_shadow_vertical_length_tablet=\u00a0\u00bb0px\u00a0\u00bb header_2_text_shadow_blur_strength_tablet=\u00a0\u00bb1px\u00a0\u00bb header_3_text_shadow_horizontal_length_tablet=\u00a0\u00bb0px\u00a0\u00bb header_3_text_shadow_vertical_length_tablet=\u00a0\u00bb0px\u00a0\u00bb header_3_text_shadow_blur_strength_tablet=\u00a0\u00bb1px\u00a0\u00bb header_4_text_shadow_horizontal_length_tablet=\u00a0\u00bb0px\u00a0\u00bb header_4_text_shadow_vertical_length_tablet=\u00a0\u00bb0px\u00a0\u00bb header_4_text_shadow_blur_strength_tablet=\u00a0\u00bb1px\u00a0\u00bb header_5_text_shadow_horizontal_length_tablet=\u00a0\u00bb0px\u00a0\u00bb header_5_text_shadow_vertical_length_tablet=\u00a0\u00bb0px\u00a0\u00bb header_5_text_shadow_blur_strength_tablet=\u00a0\u00bb1px\u00a0\u00bb header_6_text_shadow_horizontal_length_tablet=\u00a0\u00bb0px\u00a0\u00bb header_6_text_shadow_vertical_length_tablet=\u00a0\u00bb0px\u00a0\u00bb header_6_text_shadow_blur_strength_tablet=\u00a0\u00bb1px\u00a0\u00bb box_shadow_horizontal_tablet=\u00a0\u00bb0px\u00a0\u00bb box_shadow_vertical_tablet=\u00a0\u00bb0px\u00a0\u00bb box_shadow_blur_tablet=\u00a0\u00bb40px\u00a0\u00bb box_shadow_spread_tablet=\u00a0\u00bb0px\u00a0\u00bb locked=\u00a0\u00bboff\u00a0\u00bb]<\/p>\n<h1 style=\"text-align: left;\"><span style=\"font-size: 30px;\">L\u2019option \u00ab technicien\u00b7ne en infographie \u00bb<\/span><\/h1>\n<h2>poursuit plusieurs objectifs g\u00e9n\u00e9raux\u00a0:<\/h2>\n<p><strong>L\u2019infographiste<\/strong> est un\u00b7e artiste qui con\u00e7oit et r\u00e9alise les aspects graphiques et artistiques d\u2019un projet au moyen de logiciels sp\u00e9cifiques. Il\/elle travaille sur diff\u00e9rents supports\u00a0: sites internet, films d\u2019animation, jeux vid\u00e9o, etc. Il\/elle se charge \u00e9galement de la mise en page de documents divers. Dans le domaine de l\u2019audiovisuel, il\/elle est surtout charg\u00e9\u00b7e de cr\u00e9er des g\u00e9n\u00e9riques, d\u2019int\u00e9grer des effets sp\u00e9ciaux ou de participer \u00e0 la r\u00e9alisation de dessins anim\u00e9s. Dans le milieu du jeu vid\u00e9o, il\/elle intervient \u00e0 diff\u00e9rentes \u00e9tapes au niveau de la mise en forme des images et de leurs encha\u00eenements. Il\/elle peut m\u00eame se sp\u00e9cialiser dans une discipline en particulier\u00a0: personnages, d\u00e9cors, mouvement, lumi\u00e8re, etc. Dans la publicit\u00e9 ou l\u2019\u00e9dition, il\/elle se charge de la r\u00e9alisation des sites internet et cr\u00e9e toutes sortes d\u2019interfaces visuelles, anim\u00e9es ou non.<\/p>\n<p><strong>En tant que graphiste<\/strong>, il\/elle est charg\u00e9\u00b7e de concevoir et r\u00e9aliser une image, un ensemble visuel, avec pour objectif de repr\u00e9senter une id\u00e9e, un produit ou une marque et de participer ainsi \u00e0 l\u2019identit\u00e9 de l\u2019entreprise ou d\u2019un projet. Une fois qu\u2019il\/elle a pris connaissance du message \u00e0 faire passer, la premi\u00e8re \u00e9tape de son travail consiste en l\u2019\u00e9laboration des \u00e9bauches, de croquis, qui permettront d\u2019illustrer les id\u00e9es du commanditaire. Pour cela, il\/elle utilise donc le dessin, les couleurs, la typographie afin de cr\u00e9er un visuel coh\u00e9rent et accrocheur. Il\/elle con\u00e7oit ainsi des logos, du mat\u00e9riel promotionnel (affiches, flyers, cartes de visite, etc.), des couvertures d\u2019ouvrages ou du packaging. Il\/elle peut aussi r\u00e9aliser de la mise en page ou la charte graphique d\u2019un site internet ou d\u2019un logiciel, par exemple. Il\/elle travaille aussi bien avec un crayon qu\u2019avec une souris d\u2019ordinateur.<\/p>\n<p><strong>Le\/la technicien\u00b7ne en infographie combine donc l\u2019art du graphisme \u00e0 l\u2019utilisation de l\u2019outil informatique<\/strong> et des logiciels appropri\u00e9s pour produire des images et mises en page, des films et animations. Il\/elle passe de nombreuses heures devant un \u00e9cran d\u2019ordinateur. Seul\u00b7e ou en \u00e9quipe, il\/elle travaille souvent dans l\u2019urgence et veille \u00e0 respecter les d\u00e9lais ainsi que les exigences des commandes.<\/p>\n<p><strong>Nos \u00e9l\u00e8ves sont\u00a0:<\/strong><br \/> Cr\u00e9atifs, originaux, curieux, passionn\u00e9s, autonomes, polyvalents, minutieux, attentifs.<\/p>\n<p><strong>Ils\/elles aiment\u00a0:<\/strong><\/p>\n<ul>\n<li>Dessiner<\/li>\n<li>Produire des maquettes ou des esquisses<\/li>\n<li>Cr\u00e9er des environnements ou agencer des mat\u00e9riaux de couleurs, de formes et de textures diff\u00e9rentes<\/li>\n<li>Travailler manuellement dans plusieurs cas<\/li>\n<\/ul>\n<p><strong>Ils\/elles ont\u00a0:<\/strong><\/p>\n<ul>\n<li>Des aptitudes li\u00e9es aux arts plastiques<\/li>\n<li>Du talent pour le dessin<\/li>\n<li>Du talent pour agencer les couleurs et les formes<\/li>\n<li>La capacit\u00e9 de travailler avec des instruments et outils requ\u00e9rant de la minutie et de la pr\u00e9cision<\/li>\n<li>De la facilit\u00e9 \u00e0 communiquer<\/li>\n<\/ul>\n<p><strong>Ils\/elles privil\u00e9gient\u00a0:<\/strong><\/p>\n<ul>\n<li>L\u2019originalit\u00e9<\/li>\n<li>La cr\u00e9ativit\u00e9<\/li>\n<li>La recherche de l\u2019esth\u00e9tisme<\/li>\n<li>Le non-conformisme et la libert\u00e9 d\u2019expression<\/li>\n<li>Les d\u00e9fis et l\u2019innovation<\/li>\n<\/ul>\n<p>&nbsp;<\/p>\n<p>[\/et_pb_text][et_pb_text _builder_version=\u00a0\u00bb4.8.2&Prime; _module_preset=\u00a0\u00bbdefault\u00a0\u00bb min_height=\u00a0\u00bb307px\u00a0\u00bb custom_margin=\u00a0\u00bb-2px|||||\u00a0\u00bb]<\/p>\n<p class=\"p1\">En toute fin d&rsquo;ann\u00e9e scolaire, les professeurs d\u2019infographie organisent un <strong>conseil d\u2019admission<\/strong>. Le passage de celui-ci est obligatoire avant toute inscription ferme dans la section, car cette journ\u00e9e de rencontre, d\u2019information et d\u2019\u00e9valuation sera <strong>l\u2019occasion, pour les futurs \u00e9l\u00e8ves, de se faire une id\u00e9e pr\u00e9cise de ce qu\u2019est l\u2019infographie<\/strong>. Nous y d\u00e9finirons les m\u00e9tiers qui s\u2019y rapportent, nous pr\u00e9senterons les cours de l\u2019option, nous analyserons des travaux r\u00e9alis\u00e9s par d\u2019anciens \u00e9l\u00e8ves et pr\u00e9ciserons les diff\u00e9rents objectifs et comp\u00e9tences \u00e0 atteindre. Les participants auront <strong>la possibilit\u00e9 de r\u00e9aliser un test graphique<\/strong> (pour lequel aucun pr\u00e9requis n\u2019est attendu) et de<strong> rencontrer les enseignants<\/strong> de l\u2019option.<\/p>\n<p class=\"p3\">Cette journ\u00e9e ne constitue pas un examen \u00e9liminatoire, mais permet \u00e0 l\u2019\u00e9l\u00e8ve de s\u2019engager dans cette option en \u00e9tant le mieux inform\u00e9 sur son avenir, de recevoir un avis clair sur son choix d\u2019orientation et de poursuivre son parcours de fa\u00e7on sereine et \u00e9panouissante.<\/p>\n<p>[\/et_pb_text][\/et_pb_column][et_pb_column type=\u00a0\u00bb2_5&Prime; _builder_version=\u00a0\u00bb4.8.2&Prime; _module_preset=\u00a0\u00bbdefault\u00a0\u00bb][et_pb_video src=\u00a0\u00bbhttps:\/\/cste.be\/cse\/wp-content\/uploads\/2021\/01\/OPTION-INFOGRAPHIE.mp4&Prime; image_src=\u00a0\u00bbhttps:\/\/cste.be\/cse\/wp-content\/uploads\/2021\/02\/INFO.jpg\u00a0\u00bb _builder_version=\u00a0\u00bb4.8.2&Prime; _module_preset=\u00a0\u00bbdefault\u00a0\u00bb custom_margin=\u00a0\u00bb||-7px|||\u00a0\u00bb custom_padding=\u00a0\u00bb||405px|||\u00a0\u00bb][\/et_pb_video][\/et_pb_column][\/et_pb_row][\/et_pb_section][et_pb_section fb_built=\u00a0\u00bb1&Prime; module_id=\u00a0\u00bbsecretariat\u00a0\u00bb _builder_version=\u00a0\u00bb4.8.2&Prime; _module_preset=\u00a0\u00bbdefault\u00a0\u00bb background_color=\u00a0\u00bb#182844&Prime; custom_padding=\u00a0\u00bb||0px|||\u00a0\u00bb][et_pb_row _builder_version=\u00a0\u00bb4.8.2&Prime; _module_preset=\u00a0\u00bbdefault\u00a0\u00bb][et_pb_column type=\u00a0\u00bb4_4&Prime; _builder_version=\u00a0\u00bb4.8.2&Prime; _module_preset=\u00a0\u00bbdefault\u00a0\u00bb][et_pb_text _builder_version=\u00a0\u00bb4.8.2&Prime; text_font_size=\u00a0\u00bb16px\u00a0\u00bb text_line_height=\u00a0\u00bb2em\u00a0\u00bb header_text_color=\u00a0\u00bb#EE530B\u00a0\u00bb header_font_size=\u00a0\u00bb26px\u00a0\u00bb header_2_font=\u00a0\u00bb|||on|||||\u00a0\u00bb header_2_text_color=\u00a0\u00bb#0C71C3&Prime; header_2_font_size=\u00a0\u00bb60px\u00a0\u00bb header_2_line_height=\u00a0\u00bb1.2em\u00a0\u00bb custom_margin=\u00a0\u00bb-5px||3px|||\u00a0\u00bb text_font_size_tablet=\u00a0\u00bb14px\u00a0\u00bb text_font_size_phone=\u00a0\u00bb\u00a0\u00bb text_font_size_last_edited=\u00a0\u00bbon|phone\u00a0\u00bb header_2_font_size_tablet=\u00a0\u00bb40px\u00a0\u00bb header_2_font_size_phone=\u00a0\u00bb30px\u00a0\u00bb header_2_font_size_last_edited=\u00a0\u00bbon|phone\u00a0\u00bb locked=\u00a0\u00bboff\u00a0\u00bb]<\/p>\n<h1>3e<\/h1>\n<h2>secr\u00e9tariat-tourisme<\/h2>\n<h1>technique de qualification<\/h1>\n<p>[\/et_pb_text][et_pb_text _builder_version=\u00a0\u00bb4.8.2&Prime; _module_preset=\u00a0\u00bbdefault\u00a0\u00bb text_text_color=\u00a0\u00bb#FFFFFF\u00a0\u00bb]Au terme d\u2019un parcours dans l\u2019enseignement technique de qualification,<br \/>\nle jeune peut acc\u00e9der \u00e0 une profession bien identifi\u00e9e, mais peut aussi entamer des \u00e9tudes sup\u00e9rieures[\/et_pb_text][\/et_pb_column][\/et_pb_row][et_pb_row module_class=\u00a0\u00bbhoraire\u00a0\u00bb _builder_version=\u00a0\u00bb4.8.2&Prime; _module_preset=\u00a0\u00bbdefault\u00a0\u00bb custom_padding=\u00a0\u00bb3px|||||\u00a0\u00bb][et_pb_column type=\u00a0\u00bb4_4&Prime; _builder_version=\u00a0\u00bb4.6.6&Prime; _module_preset=\u00a0\u00bbdefault\u00a0\u00bb][et_pb_pricing_tables featured_table_background_color=\u00a0\u00bb#FFFFFF\u00a0\u00bb header_background_color=\u00a0\u00bb#ee530b\u00a0\u00bb show_bullet=\u00a0\u00bboff\u00a0\u00bb featured_table_price_color=\u00a0\u00bb#ee530b\u00a0\u00bb module_class=\u00a0\u00bbhoraire\u00a0\u00bb _builder_version=\u00a0\u00bb4.8.2&Prime; _module_preset=\u00a0\u00bbdefault\u00a0\u00bb price_text_color=\u00a0\u00bb#ee530b\u00a0\u00bb][et_pb_pricing_table subtitle=\u00a0\u00bbFormation commune obligatoire\u00a0\u00bb sum=\u00a0\u00bb17h\u00a0\u00bb _builder_version=\u00a0\u00bb4.8.2&Prime; _module_preset=\u00a0\u00bbdefault\u00a0\u00bb header_level=\u00a0\u00bbh1&Prime; header_font=\u00a0\u00bb|||on|||||\u00a0\u00bb header_font_size=\u00a0\u00bb74px\u00a0\u00bb subheader_font_size=\u00a0\u00bb20px\u00a0\u00bb subheader_line_height=\u00a0\u00bb5em\u00a0\u00bb price_font_size=\u00a0\u00bb35px\u00a0\u00bb background_enable_color=\u00a0\u00bboff\u00a0\u00bb sticky_transition=\u00a0\u00bbon\u00a0\u00bb]<\/p>\n<p>Religion <strong>2h<\/strong><strong><\/strong><br \/> Fran\u00e7ais <strong>4h<br \/> <\/strong>\u00c9ducation physique <strong>2h<\/strong><br \/> Math\u00e9matiques <strong>2h<br \/> <\/strong>Formation historique et g\u00e9ographique<strong> 2h<\/strong><strong><\/strong><br \/> Formation scientifique sciences <strong>2h<\/strong><strong><\/strong><br \/>N\u00e9erlandais<strong> 3h<br \/> <\/strong>Activit\u00e9s \u00ab\u2009Temps mieux\u2009\u00bb<strong><br \/> <\/strong><\/p>\n<p>[\/et_pb_pricing_table][et_pb_pricing_table subtitle=\u00a0\u00bbCours Options\u00a0\u00bb sum=\u00a0\u00bb16h\u00a0\u00bb header_background_color=\u00a0\u00bb#0c71c3&Prime; _builder_version=\u00a0\u00bb4.8.2&Prime; _module_preset=\u00a0\u00bbdefault\u00a0\u00bb price_text_color=\u00a0\u00bb#0c71c3&Prime; header_font_size=\u00a0\u00bb74px\u00a0\u00bb subheader_font_size=\u00a0\u00bb21px\u00a0\u00bb subheader_line_height=\u00a0\u00bb4.8em\u00a0\u00bb price_font_size=\u00a0\u00bb35px\u00a0\u00bb sticky_transition=\u00a0\u00bbon\u00a0\u00bb]<\/p>\n<p>Bureautique <strong>4h<\/strong><br \/> \u00c9conomie d\u2019entreprise <strong>4h<\/strong><br \/> Langue moderne orient\u00e9e\u00a0II Anglais <strong>3h<\/strong><br \/> Technique d\u2019accueil, d\u2019organisation et secr\u00e9tariat <strong>3h<\/strong><\/p>\n<p>[\/et_pb_pricing_table][\/et_pb_pricing_tables][\/et_pb_column][\/et_pb_row][et_pb_row _builder_version=\u00a0\u00bb4.6.6&Prime; _module_preset=\u00a0\u00bbdefault\u00a0\u00bb locked=\u00a0\u00bboff\u00a0\u00bb][et_pb_column type=\u00a0\u00bb4_4&Prime; _builder_version=\u00a0\u00bb4.6.6&Prime; _module_preset=\u00a0\u00bbdefault\u00a0\u00bb][et_pb_button button_url=\u00a0\u00bbhttps:\/\/cste.be\/cse\/wp-content\/uploads\/2021\/03\/Grille-Options-2021-2022-2e-degre.pdf\u00a0\u00bb url_new_window=\u00a0\u00bbon\u00a0\u00bb button_text=\u00a0\u00bbVoir la grille horaire en PDF\u00a0\u00bb button_alignment=\u00a0\u00bbcenter\u00a0\u00bb disabled_on=\u00a0\u00bbon|on|on\u00a0\u00bb _builder_version=\u00a0\u00bb4.8.2&Prime; custom_button=\u00a0\u00bbon\u00a0\u00bb button_text_size=\u00a0\u00bb16px\u00a0\u00bb button_text_color=\u00a0\u00bb#FFFFFF\u00a0\u00bb button_bg_color=\u00a0\u00bbrgba(0,0,0,0)\u00a0\u00bb button_bg_image=\u00a0\u00bbhttps:\/\/cste.be\/cse\/v2\/wp-content\/uploads\/2020\/11\/Artboard-1.png\u00a0\u00bb button_bg_size=\u00a0\u00bbcontain\u00a0\u00bb button_bg_position=\u00a0\u00bbcenter_right\u00a0\u00bb button_border_width=\u00a0\u00bb0px\u00a0\u00bb button_border_color=\u00a0\u00bb#3d4a41&Prime; button_border_radius=\u00a0\u00bb0px\u00a0\u00bb button_font=\u00a0\u00bbDM Sans|600|||||||\u00a0\u00bb button_icon=\u00a0\u00bb%%3%%\u00a0\u00bb button_on_hover=\u00a0\u00bboff\u00a0\u00bb custom_margin=\u00a0\u00bb20px||||false|false\u00a0\u00bb custom_padding=\u00a0\u00bb16px|44px|16px|0px|true|false\u00a0\u00bb button_text_size_tablet=\u00a0\u00bb14px\u00a0\u00bb button_text_size_phone=\u00a0\u00bb\u00a0\u00bb button_text_size_last_edited=\u00a0\u00bbon|phone\u00a0\u00bb disabled=\u00a0\u00bbon\u00a0\u00bb locked=\u00a0\u00bboff\u00a0\u00bb][\/et_pb_button][\/et_pb_column][\/et_pb_row][et_pb_row _builder_version=\u00a0\u00bb4.8.2&Prime; _module_preset=\u00a0\u00bbdefault\u00a0\u00bb][et_pb_column type=\u00a0\u00bb4_4&Prime; _builder_version=\u00a0\u00bb4.8.2&Prime; _module_preset=\u00a0\u00bbdefault\u00a0\u00bb][et_pb_text _builder_version=\u00a0\u00bb4.8.2&Prime; _module_preset=\u00a0\u00bbdefault\u00a0\u00bb text_text_color=\u00a0\u00bb#FFFFFF\u00a0\u00bb text_line_height=\u00a0\u00bb1.5em\u00a0\u00bb header_font=\u00a0\u00bb|||on|||||\u00a0\u00bb header_text_color=\u00a0\u00bb#EE530B\u00a0\u00bb header_2_text_color=\u00a0\u00bb#FFFFFF\u00a0\u00bb text_orientation=\u00a0\u00bbjustified\u00a0\u00bb custom_margin=\u00a0\u00bb23px|||||\u00a0\u00bb custom_padding=\u00a0\u00bb||0px|||\u00a0\u00bb locked=\u00a0\u00bboff\u00a0\u00bb]<\/p>\n<h1 style=\"text-align: left;\">DESCRIPTIF DE L\u2019OPTION secr\u00e9tariat-tourisme<\/h1>\n<h2>Les objectifs poursuivis au cours de la formation s\u2019articulent autour de\u00a0:<\/h2>\n<p>&nbsp;<\/p>\n<p style=\"text-align: left;\"><strong>la Bureautique\u00a0: <\/strong>l\u2019utilisation de l\u2019ordinateur et des fonctions courantes de logiciels de base en bureautique comme le traitement de texte, le tableur, la pr\u00e9sentation et\/ou la publication assist\u00e9e par ordinateur. L\u2019acquisition d\u2019une dext\u00e9rit\u00e9 dans la ma\u00eetrise du clavier constituera en outre un atout incontestable.<\/p>\n<p style=\"text-align: left;\"><strong>L\u2019\u00c9conomie de l\u2019entreprise<\/strong> qui ambitionne d\u2019ouvrir le champ de compr\u00e9hension de nos jeunes au monde de l\u2019entreprise tout en les initiant \u00e0 la vie \u00e9conomique, politique, juridique et sociale. Ils acquerront une rigueur dans l\u2019utilisation de la terminologie de base de la vie de l\u2019entreprise. Chaque fois que l\u2019occasion se pr\u00e9sentera, le professeur n\u2019h\u00e9sitera pas \u00e0 prendre le temps n\u00e9cessaire pour d\u00e9velopper les aspects d\u2019\u00e9ducation du consommateur . Le cours d\u2019\u00e9conomie de l\u2019entreprise permettra aussi, en fonction des circonstances et de l\u2019actualit\u00e9, d\u2019initier les \u00e9l\u00e8ves au droit civil, commercial ou social ainsi qu\u2019\u00e0 des notions plus globales d\u2019\u00e9conomie g\u00e9n\u00e9rale. Les \u00e9l\u00e8ves s\u2019exerceront aux comp\u00e9tences de base dans le domaine des techniques de gestion d\u2019entreprise bas\u00e9es sur des documents r\u00e9els \u00e0 analyser.<\/p>\n<p style=\"text-align: left;\"><strong>Les Techniques d\u2019accueil, d\u2019organisation et secr\u00e9tariat\u00a0:<\/strong> une formation \u00e0 la communication orale et t\u00e9l\u00e9phonique, au d\u00e9codage de l\u2019information sous toutes ses formes, \u00e0 la recherche et au traitement de l\u2019information, \u00e0 la prise de notes, aux t\u00e2ches de base du secr\u00e9tariat comme le classement ou encore la gestion du courrier est amorc\u00e9e d\u00e8s le 2e degr\u00e9.<\/p>\n<p style=\"text-align: left;\"><strong>L\u2019apprentissage du N\u00e9erlandais et de l\u2019Anglais<\/strong>, dans la formation commune et de la formation optionnelle (cours orient\u00e9s vers les notions de la formation optionnelle).<\/p>\n<p style=\"text-align: left;\">\n<p style=\"text-align: left;\">\n<p style=\"text-align: left;\">[\/et_pb_text][\/et_pb_column][\/et_pb_row][\/et_pb_section][et_pb_section fb_built=\u00a0\u00bb1&Prime; module_id=\u00a0\u00bbsecretariat\u00a0\u00bb _builder_version=\u00a0\u00bb4.8.2&Prime; _module_preset=\u00a0\u00bbdefault\u00a0\u00bb background_color=\u00a0\u00bb#182844&Prime; custom_padding=\u00a0\u00bb||0px|||\u00a0\u00bb][et_pb_row _builder_version=\u00a0\u00bb4.8.2&Prime; _module_preset=\u00a0\u00bbdefault\u00a0\u00bb][et_pb_column type=\u00a0\u00bb4_4&Prime; _builder_version=\u00a0\u00bb4.8.2&Prime; _module_preset=\u00a0\u00bbdefault\u00a0\u00bb][et_pb_text _builder_version=\u00a0\u00bb4.8.2&Prime; text_font_size=\u00a0\u00bb16px\u00a0\u00bb text_line_height=\u00a0\u00bb2em\u00a0\u00bb header_text_color=\u00a0\u00bb#EE530B\u00a0\u00bb header_font_size=\u00a0\u00bb26px\u00a0\u00bb header_2_font=\u00a0\u00bb|||on|||||\u00a0\u00bb header_2_text_color=\u00a0\u00bb#0C71C3&Prime; header_2_font_size=\u00a0\u00bb60px\u00a0\u00bb header_2_line_height=\u00a0\u00bb1.2em\u00a0\u00bb custom_margin=\u00a0\u00bb-5px||3px|||\u00a0\u00bb text_font_size_tablet=\u00a0\u00bb14px\u00a0\u00bb text_font_size_phone=\u00a0\u00bb\u00a0\u00bb text_font_size_last_edited=\u00a0\u00bbon|phone\u00a0\u00bb header_2_font_size_tablet=\u00a0\u00bb40px\u00a0\u00bb header_2_font_size_phone=\u00a0\u00bb30px\u00a0\u00bb header_2_font_size_last_edited=\u00a0\u00bbon|phone\u00a0\u00bb locked=\u00a0\u00bboff\u00a0\u00bb]<\/p>\n<h1>4e<\/h1>\n<h2>technicien.ne de bureau<\/h2>\n<h1>technique de qualification<\/h1>\n<p>[\/et_pb_text][et_pb_text _builder_version=\u00a0\u00bb4.8.2&Prime; _module_preset=\u00a0\u00bbdefault\u00a0\u00bb text_text_color=\u00a0\u00bb#FFFFFF\u00a0\u00bb]Au terme d\u2019un parcours dans l\u2019enseignement technique de qualification,<br \/>\nle jeune peut acc\u00e9der \u00e0 une profession bien identifi\u00e9e, mais peut aussi entamer des \u00e9tudes sup\u00e9rieures[\/et_pb_text][\/et_pb_column][\/et_pb_row][et_pb_row module_class=\u00a0\u00bbhoraire\u00a0\u00bb _builder_version=\u00a0\u00bb4.8.2&Prime; _module_preset=\u00a0\u00bbdefault\u00a0\u00bb custom_padding=\u00a0\u00bb3px|||||\u00a0\u00bb][et_pb_column type=\u00a0\u00bb4_4&Prime; _builder_version=\u00a0\u00bb4.6.6&Prime; _module_preset=\u00a0\u00bbdefault\u00a0\u00bb][et_pb_pricing_tables featured_table_background_color=\u00a0\u00bb#FFFFFF\u00a0\u00bb header_background_color=\u00a0\u00bb#ee530b\u00a0\u00bb show_bullet=\u00a0\u00bboff\u00a0\u00bb featured_table_price_color=\u00a0\u00bb#ee530b\u00a0\u00bb module_class=\u00a0\u00bbhoraire\u00a0\u00bb _builder_version=\u00a0\u00bb4.8.2&Prime; _module_preset=\u00a0\u00bbdefault\u00a0\u00bb price_text_color=\u00a0\u00bb#ee530b\u00a0\u00bb][et_pb_pricing_table subtitle=\u00a0\u00bbFormation commune obligatoire\u00a0\u00bb sum=\u00a0\u00bb17h\u00a0\u00bb _builder_version=\u00a0\u00bb4.8.2&Prime; _module_preset=\u00a0\u00bbdefault\u00a0\u00bb header_level=\u00a0\u00bbh1&Prime; header_font=\u00a0\u00bb|||on|||||\u00a0\u00bb header_font_size=\u00a0\u00bb74px\u00a0\u00bb subheader_font_size=\u00a0\u00bb20px\u00a0\u00bb subheader_line_height=\u00a0\u00bb5em\u00a0\u00bb price_font_size=\u00a0\u00bb35px\u00a0\u00bb background_enable_color=\u00a0\u00bboff\u00a0\u00bb sticky_transition=\u00a0\u00bbon\u00a0\u00bb]<\/p>\n<p>Religion <strong>2h<\/strong><strong><\/strong><br \/> Fran\u00e7ais <strong>4h<br \/> <\/strong>\u00c9ducation physique <strong>2h<\/strong><br \/> Math\u00e9matiques <strong>2h<br \/> <\/strong>Formation historique et g\u00e9ographique<strong> 2h<\/strong><strong><\/strong><br \/> Formation scientifique sciences <strong>2h<\/strong><strong><\/strong><br \/>N\u00e9erlandais<strong> 3h<br \/> <\/strong>Activit\u00e9s \u00ab\u2009Temps mieux\u2009\u00bb<strong><br \/> <\/strong><\/p>\n<p>[\/et_pb_pricing_table][et_pb_pricing_table subtitle=\u00a0\u00bbCours Options\u00a0\u00bb sum=\u00a0\u00bb16h\u00a0\u00bb header_background_color=\u00a0\u00bb#0c71c3&Prime; _builder_version=\u00a0\u00bb4.8.2&Prime; _module_preset=\u00a0\u00bbdefault\u00a0\u00bb price_text_color=\u00a0\u00bb#0c71c3&Prime; header_font_size=\u00a0\u00bb74px\u00a0\u00bb subheader_font_size=\u00a0\u00bb21px\u00a0\u00bb subheader_line_height=\u00a0\u00bb4.8em\u00a0\u00bb price_font_size=\u00a0\u00bb35px\u00a0\u00bb sticky_transition=\u00a0\u00bbon\u00a0\u00bb]<\/p>\n<p>Bureautique <strong>4h<\/strong><br \/> \u00c9conomie d\u2019entreprise <strong>4h<\/strong><br \/> Langue moderne orient\u00e9e\u00a0II Anglais <strong>3h<\/strong><br \/> Technique d\u2019accueil, d\u2019organisation et secr\u00e9tariat <strong>3h<\/strong><\/p>\n<p>[\/et_pb_pricing_table][\/et_pb_pricing_tables][\/et_pb_column][\/et_pb_row][et_pb_row _builder_version=\u00a0\u00bb4.6.6&Prime; _module_preset=\u00a0\u00bbdefault\u00a0\u00bb locked=\u00a0\u00bboff\u00a0\u00bb][et_pb_column type=\u00a0\u00bb4_4&Prime; _builder_version=\u00a0\u00bb4.6.6&Prime; _module_preset=\u00a0\u00bbdefault\u00a0\u00bb][et_pb_button button_url=\u00a0\u00bbhttps:\/\/cste.be\/cse\/wp-content\/uploads\/2021\/03\/Grille-Options-2021-2022-2e-degre.pdf\u00a0\u00bb url_new_window=\u00a0\u00bbon\u00a0\u00bb button_text=\u00a0\u00bbVoir la grille horaire en PDF\u00a0\u00bb button_alignment=\u00a0\u00bbcenter\u00a0\u00bb disabled_on=\u00a0\u00bbon|on|on\u00a0\u00bb _builder_version=\u00a0\u00bb4.8.2&Prime; custom_button=\u00a0\u00bbon\u00a0\u00bb button_text_size=\u00a0\u00bb16px\u00a0\u00bb button_text_color=\u00a0\u00bb#FFFFFF\u00a0\u00bb button_bg_color=\u00a0\u00bbrgba(0,0,0,0)\u00a0\u00bb button_bg_image=\u00a0\u00bbhttps:\/\/cste.be\/cse\/v2\/wp-content\/uploads\/2020\/11\/Artboard-1.png\u00a0\u00bb button_bg_size=\u00a0\u00bbcontain\u00a0\u00bb button_bg_position=\u00a0\u00bbcenter_right\u00a0\u00bb button_border_width=\u00a0\u00bb0px\u00a0\u00bb button_border_color=\u00a0\u00bb#3d4a41&Prime; button_border_radius=\u00a0\u00bb0px\u00a0\u00bb button_font=\u00a0\u00bbDM Sans|600|||||||\u00a0\u00bb button_icon=\u00a0\u00bb%%3%%\u00a0\u00bb button_on_hover=\u00a0\u00bboff\u00a0\u00bb custom_margin=\u00a0\u00bb20px||||false|false\u00a0\u00bb custom_padding=\u00a0\u00bb16px|44px|16px|0px|true|false\u00a0\u00bb button_text_size_tablet=\u00a0\u00bb14px\u00a0\u00bb button_text_size_phone=\u00a0\u00bb\u00a0\u00bb button_text_size_last_edited=\u00a0\u00bbon|phone\u00a0\u00bb disabled=\u00a0\u00bbon\u00a0\u00bb locked=\u00a0\u00bboff\u00a0\u00bb][\/et_pb_button][\/et_pb_column][\/et_pb_row][et_pb_row _builder_version=\u00a0\u00bb4.8.2&Prime; _module_preset=\u00a0\u00bbdefault\u00a0\u00bb][et_pb_column type=\u00a0\u00bb4_4&Prime; _builder_version=\u00a0\u00bb4.8.2&Prime; _module_preset=\u00a0\u00bbdefault\u00a0\u00bb][et_pb_text _builder_version=\u00a0\u00bb4.8.2&Prime; _module_preset=\u00a0\u00bbdefault\u00a0\u00bb text_text_color=\u00a0\u00bb#FFFFFF\u00a0\u00bb text_line_height=\u00a0\u00bb1.5em\u00a0\u00bb header_font=\u00a0\u00bb|||on|||||\u00a0\u00bb header_text_color=\u00a0\u00bb#EE530B\u00a0\u00bb header_2_text_color=\u00a0\u00bb#FFFFFF\u00a0\u00bb text_orientation=\u00a0\u00bbjustified\u00a0\u00bb custom_margin=\u00a0\u00bb23px|||||\u00a0\u00bb custom_padding=\u00a0\u00bb||0px|||\u00a0\u00bb locked=\u00a0\u00bboff\u00a0\u00bb]<\/p>\n<h1 style=\"text-align: left;\">DESCRIPTIF DE L\u2019OPTION \u00ab\u00a0technicien.ne en bureautique\u00a0\u00bb<\/h1>\n<h2>Les objectifs poursuivis au cours de la formation s\u2019articulent autour de\u00a0:<\/h2>\n<p>&nbsp;<\/p>\n<p>L\u2019option \u00ab\u2009Technicien(ne) <span>en bureautique<\/span>\u2009\u00bb est une option compl\u00e8te qui couvre divers m\u00e9tiers administratifs dont les fonctions consistent pour l\u2019essentiel \u00e0 recueillir, v\u00e9rifier, trier, saisir, traiter, transformer, pr\u00e9senter des donn\u00e9es\u2009; envoyer des informations \u00e9crites et orales en fran\u00e7ais, mais aussi en langues \u00e9trang\u00e8res.<\/p>\n<p>Des comp\u00e9tences en \u00e9conomie, droit, gestion et comptabilit\u00e9 sont d\u00e9velopp\u00e9es tout au long de la formation d\u00e9livrant le Certificat de Gestion.<\/p>\n<p>Le technicien de bureau joue le r\u00f4le d\u2019interm\u00e9diaire entre des responsables (d\u2019entreprises, de services) d\u2019une part et, d\u2019autre part, des visiteurs, des clients. Il est un collaborateur direct du sup\u00e9rieur hi\u00e9rarchique.<\/p>\n<p>Faire preuve d\u2019organisation, de discr\u00e9tion, de diplomatie et d\u2019autonomie est un atout incontestable<\/p>\n<p>Les d\u00e9bouch\u00e9s sont vari\u00e9s\u00a0: services administratifs et de gestion dans des entreprises priv\u00e9es de tout type et de toute dimension\u2009; services publics\u2009; administrations&#8230;<\/p>\n<p>&nbsp;<\/p>\n<p>&nbsp;<\/p>\n<p>&nbsp;<\/p>\n<p>&nbsp;<\/p>\n<p>[\/et_pb_text][\/et_pb_column][\/et_pb_row][\/et_pb_section][et_pb_section fb_built=\u00a0\u00bb1&Prime; admin_label=\u00a0\u00bbCTA\u00a0\u00bb _builder_version=\u00a0\u00bb4.8.2&Prime; _module_preset=\u00a0\u00bbdefault\u00a0\u00bb background_color=\u00a0\u00bb#EFEDEB\u00a0\u00bb background_color_gradient_direction=\u00a0\u00bb90deg\u00a0\u00bb background_image=\u00a0\u00bbhttps:\/\/cste.be\/cse\/wp-content\/uploads\/2021\/01\/BATIMENTS_CSE-13-scaled.jpg\u00a0\u00bb width=\u00a0\u00bb100%\u00a0\u00bb module_alignment=\u00a0\u00bbcenter\u00a0\u00bb locked=\u00a0\u00bboff\u00a0\u00bb][et_pb_row _builder_version=\u00a0\u00bb4.5.0&Prime; _module_preset=\u00a0\u00bbdefault\u00a0\u00bb][et_pb_column type=\u00a0\u00bb4_4&Prime; _builder_version=\u00a0\u00bb4.5.0&Prime; _module_preset=\u00a0\u00bbdefault\u00a0\u00bb][et_pb_text _builder_version=\u00a0\u00bb4.6.6&Prime; text_font_size=\u00a0\u00bb16px\u00a0\u00bb text_line_height=\u00a0\u00bb2em\u00a0\u00bb header_2_font=\u00a0\u00bbAlata||||||||\u00a0\u00bb header_2_text_color=\u00a0\u00bb#ffffff\u00a0\u00bb header_2_font_size=\u00a0\u00bb60px\u00a0\u00bb header_2_line_height=\u00a0\u00bb1.2em\u00a0\u00bb text_orientation=\u00a0\u00bbcenter\u00a0\u00bb text_font_size_tablet=\u00a0\u00bb14px\u00a0\u00bb text_font_size_phone=\u00a0\u00bb\u00a0\u00bb text_font_size_last_edited=\u00a0\u00bbon|phone\u00a0\u00bb header_2_font_size_tablet=\u00a0\u00bb40px\u00a0\u00bb header_2_font_size_phone=\u00a0\u00bb30px\u00a0\u00bb header_2_font_size_last_edited=\u00a0\u00bbon|phone\u00a0\u00bb locked=\u00a0\u00bboff\u00a0\u00bb]<\/p>\n<h2>EN SAVOIR PLUS ?<\/h2>\n<p>[\/et_pb_text][\/et_pb_column][\/et_pb_row][\/et_pb_section][et_pb_section fb_built=\u00a0\u00bb1&Prime; make_equal=\u00a0\u00bbon\u00a0\u00bb specialty=\u00a0\u00bbon\u00a0\u00bb padding_top_bottom_link_2=\u00a0\u00bbfalse\u00a0\u00bb padding_left_right_link_2=\u00a0\u00bbfalse\u00a0\u00bb padding_top_2=\u00a0\u00bb80px\u00a0\u00bb padding_2_tablet=\u00a0\u00bb||||false|false\u00a0\u00bb padding_2_last_edited=\u00a0\u00bboff|tablet\u00a0\u00bb admin_label=\u00a0\u00bbFooter\u00a0\u00bb _builder_version=\u00a0\u00bb4.5.1&Prime; _module_preset=\u00a0\u00bbdefault\u00a0\u00bb custom_padding=\u00a0\u00bb0px||||false|false\u00a0\u00bb locked=\u00a0\u00bboff\u00a0\u00bb][et_pb_column type=\u00a0\u00bb1_2&Prime; specialty_columns=\u00a0\u00bb2&Prime; _builder_version=\u00a0\u00bb3.25&Prime; custom_padding=\u00a0\u00bb|||\u00a0\u00bb custom_padding__hover=\u00a0\u00bb|||\u00a0\u00bb][et_pb_row_inner column_structure=\u00a0\u00bb1_2,1_2&Prime; use_custom_gutter=\u00a0\u00bbon\u00a0\u00bb gutter_width=\u00a0\u00bb1&Prime; make_equal=\u00a0\u00bbon\u00a0\u00bb _builder_version=\u00a0\u00bb4.6.6&Prime; _module_preset=\u00a0\u00bbdefault\u00a0\u00bb custom_padding=\u00a0\u00bb0px||0px||true|false\u00a0\u00bb][et_pb_column_inner type=\u00a0\u00bb1_2&Prime; saved_specialty_column_type=\u00a0\u00bb1_2&Prime; _builder_version=\u00a0\u00bb4.5.1&Prime; _module_preset=\u00a0\u00bbdefault\u00a0\u00bb custom_padding=\u00a0\u00bb96px|20px|96px|20px|true|true\u00a0\u00bb][et_pb_text _builder_version=\u00a0\u00bb4.6.6&Prime; text_font=\u00a0\u00bbDM Sans||||||||\u00a0\u00bb text_font_size=\u00a0\u00bb16px\u00a0\u00bb text_line_height=\u00a0\u00bb2em\u00a0\u00bb header_6_font=\u00a0\u00bbDM Sans|700||on|||||\u00a0\u00bb header_6_text_color=\u00a0\u00bb#2b343b\u00a0\u00bb header_6_letter_spacing=\u00a0\u00bb4px\u00a0\u00bb header_6_line_height=\u00a0\u00bb1.2em\u00a0\u00bb text_orientation=\u00a0\u00bbcenter\u00a0\u00bb text_font_size_tablet=\u00a0\u00bb14px\u00a0\u00bb text_font_size_phone=\u00a0\u00bb\u00a0\u00bb text_font_size_last_edited=\u00a0\u00bbon|phone\u00a0\u00bb locked=\u00a0\u00bboff\u00a0\u00bb]<\/p>\n<h6>Adresse<\/h6>\n<p><a href=\"https:\/\/goo.gl\/maps\/9qXPc5v6Z7o8e3Wx6\" target=\"_blank\" rel=\"noopener noreferrer\">Avenue des Prisonniers <br \/><\/a><a href=\"https:\/\/goo.gl\/maps\/9qXPc5v6Z7o8e3Wx6\" target=\"_blank\" rel=\"noopener noreferrer\">de Guerre, 36<\/a><br \/> <a href=\"https:\/\/goo.gl\/maps\/9qXPc5v6Z7o8e3Wx6\" target=\"_blank\" rel=\"noopener noreferrer\"> 1490 Court-Saint-Etienne<\/a><\/p>\n<p>[\/et_pb_text][\/et_pb_column_inner][et_pb_column_inner type=\u00a0\u00bb1_2&Prime; saved_specialty_column_type=\u00a0\u00bb1_2&Prime; _builder_version=\u00a0\u00bb4.6.6&Prime; _module_preset=\u00a0\u00bbdefault\u00a0\u00bb background_color=\u00a0\u00bb#ef6309&Prime; custom_padding=\u00a0\u00bb96px|20px|96px|20px|false|true\u00a0\u00bb][et_pb_text _builder_version=\u00a0\u00bb4.6.6&Prime; text_font=\u00a0\u00bb|700|||||||\u00a0\u00bb text_text_color=\u00a0\u00bb#ffffff\u00a0\u00bb text_line_height=\u00a0\u00bb1.6em\u00a0\u00bb link_text_color=\u00a0\u00bb#ffffff\u00a0\u00bb header_6_font=\u00a0\u00bb|700||on|||||\u00a0\u00bb header_6_text_color=\u00a0\u00bb#ffffff\u00a0\u00bb header_6_letter_spacing=\u00a0\u00bb4px\u00a0\u00bb header_6_line_height=\u00a0\u00bb1.2em\u00a0\u00bb text_orientation=\u00a0\u00bbcenter\u00a0\u00bb scroll_rotating=\u00a0\u00bb0|50|50|100|0\u00b0|0\u00b0|-45\u00b0\u00a0\u00bb locked=\u00a0\u00bboff\u00a0\u00bb]<\/p>\n<h6>TEL<\/h6>\n<p><a href=\"tel:010612756\">010 61 27 56<\/a><\/p>\n<p>[\/et_pb_text][\/et_pb_column_inner][\/et_pb_row_inner][et_pb_row_inner column_structure=\u00a0\u00bb1_2,1_2&Prime; use_custom_gutter=\u00a0\u00bbon\u00a0\u00bb gutter_width=\u00a0\u00bb1&Prime; make_equal=\u00a0\u00bbon\u00a0\u00bb _builder_version=\u00a0\u00bb4.5.1&Prime; _module_preset=\u00a0\u00bbdefault\u00a0\u00bb custom_padding=\u00a0\u00bb0px||0px||true|false\u00a0\u00bb][et_pb_column_inner type=\u00a0\u00bb1_2&Prime; saved_specialty_column_type=\u00a0\u00bb1_2&Prime; _builder_version=\u00a0\u00bb4.5.1&Prime; _module_preset=\u00a0\u00bbdefault\u00a0\u00bb custom_padding=\u00a0\u00bb90px|20px|90px|20px|true|true\u00a0\u00bb border_radii=\u00a0\u00bbon|126px|126px|126px|126px\u00a0\u00bb border_width_all=\u00a0\u00bb2px\u00a0\u00bb border_color_all=\u00a0\u00bb#182844&Prime;][et_pb_text _builder_version=\u00a0\u00bb4.6.6&Prime; text_font=\u00a0\u00bbDM Sans|700||on|||||\u00a0\u00bb text_text_color=\u00a0\u00bb#000000&Prime; text_letter_spacing=\u00a0\u00bb4px\u00a0\u00bb text_line_height=\u00a0\u00bb1.6em\u00a0\u00bb link_font=\u00a0\u00bb||||on||||\u00a0\u00bb link_text_color=\u00a0\u00bb#182844&Prime; header_6_font=\u00a0\u00bbDM Sans|700||on|||||\u00a0\u00bb header_6_text_color=\u00a0\u00bb#2b343b\u00a0\u00bb header_6_letter_spacing=\u00a0\u00bb4px\u00a0\u00bb header_6_line_height=\u00a0\u00bb1.2em\u00a0\u00bb text_orientation=\u00a0\u00bbcenter\u00a0\u00bb module_alignment=\u00a0\u00bbcenter\u00a0\u00bb scroll_rotating=\u00a0\u00bb0|50|50|100|0\u00b0|0\u00b0|-45\u00b0\u00a0\u00bb locked=\u00a0\u00bboff\u00a0\u00bb]<\/p>\n<h6>Suivez-nous<\/h6>\n<p>[\/et_pb_text][et_pb_social_media_follow icon_color=\u00a0\u00bb#000000&Prime; _builder_version=\u00a0\u00bb4.6.6&Prime; text_orientation=\u00a0\u00bbcenter\u00a0\u00bb custom_margin=\u00a0\u00bb||||false|false\u00a0\u00bb custom_margin_last_edited=\u00a0\u00bboff|desktop\u00a0\u00bb locked=\u00a0\u00bboff\u00a0\u00bb custom_padding__hover_enabled=\u00a0\u00bboff|desktop\u00a0\u00bb][et_pb_social_media_follow_network social_network=\u00a0\u00bbfacebook\u00a0\u00bb url=\u00a0\u00bbhttps:\/\/www.facebook.com\/CollegeSaintEtienneCSE\/\u00a0\u00bb _builder_version=\u00a0\u00bb4.6.6&Prime; background_enable_color=\u00a0\u00bboff\u00a0\u00bb follow_button=\u00a0\u00bboff\u00a0\u00bb url_new_window=\u00a0\u00bbon\u00a0\u00bb]facebook[\/et_pb_social_media_follow_network][\/et_pb_social_media_follow][\/et_pb_column_inner][et_pb_column_inner type=\u00a0\u00bb1_2&Prime; saved_specialty_column_type=\u00a0\u00bb1_2&Prime; _builder_version=\u00a0\u00bb4.5.1&Prime; _module_preset=\u00a0\u00bbdefault\u00a0\u00bb background_color=\u00a0\u00bb#182844&Prime; custom_padding=\u00a0\u00bb96px|20px|96px|20px|true|true\u00a0\u00bb][et_pb_text _builder_version=\u00a0\u00bb4.8.2&Prime; text_font=\u00a0\u00bbDM Sans|700|||||||\u00a0\u00bb text_line_height=\u00a0\u00bb1.6em\u00a0\u00bb link_text_color=\u00a0\u00bb#ffffff\u00a0\u00bb header_6_font=\u00a0\u00bbDM Sans|700||on|||||\u00a0\u00bb header_6_letter_spacing=\u00a0\u00bb4px\u00a0\u00bb header_6_line_height=\u00a0\u00bb1.2em\u00a0\u00bb background_enable_color=\u00a0\u00bboff\u00a0\u00bb text_orientation=\u00a0\u00bbcenter\u00a0\u00bb background_layout=\u00a0\u00bbdark\u00a0\u00bb scroll_rotating=\u00a0\u00bb0|50|50|100|0\u00b0|0\u00b0|-45\u00b0\u00a0\u00bb locked=\u00a0\u00bboff\u00a0\u00bb]<\/p>\n<h6>Email<\/h6>\n<p><a href=\"mailto:accueil.cse@csteh.be\">accueil.cse@csteh.be<\/a><\/p>\n<p>[\/et_pb_text][\/et_pb_column_inner][\/et_pb_row_inner][\/et_pb_column][et_pb_column type=\u00a0\u00bb1_2&Prime; _builder_version=\u00a0\u00bb3.25&Prime; custom_padding=\u00a0\u00bb|||\u00a0\u00bb custom_padding__hover=\u00a0\u00bb|||\u00a0\u00bb][et_pb_text disabled_on=\u00a0\u00bboff|off|off\u00a0\u00bb module_id=\u00a0\u00bbaccueil\u00a0\u00bb _builder_version=\u00a0\u00bb4.6.6&Prime; _module_preset=\u00a0\u00bbdefault\u00a0\u00bb]<\/p>\n<div class=\"caldera-grid\" id=\"caldera_form_1\" data-cf-ver=\"1.9.7\" data-cf-form-id=\"CF600ac3270a27d\"><div id=\"caldera_notices_1\" data-spinner=\"https:\/\/cste.be\/cse\/wp-admin\/images\/spinner.gif\"><\/div><form data-instance=\"1\" class=\"CF600ac3270a27d caldera_forms_form cfajax-trigger\" method=\"POST\" enctype=\"multipart\/form-data\" id=\"CF600ac3270a27d_1\" data-form-id=\"CF600ac3270a27d\" aria-label=\"Coll&egrave;ge Saint-Etienne (Formulaire de contact)\" data-target=\"#caldera_notices_1\" data-template=\"#cfajax_CF600ac3270a27d-tmpl\" data-cfajax=\"CF600ac3270a27d\" data-load-element=\"_parent\" data-load-class=\"cf_processing\" data-post-disable=\"0\" data-action=\"cf_process_ajax_submit\" data-request=\"https:\/\/cste.be\/cse\/cf-api\/CF600ac3270a27d\" data-hiderows=\"true\">\r\n<input type=\"hidden\" id=\"_cf_verify_CF600ac3270a27d\" name=\"_cf_verify\" value=\"f289220976\"  data-nonce-time=\"1777516385\" \/><input type=\"hidden\" name=\"_wp_http_referer\" value=\"\/cse\/wp-json\/wp\/v2\/pages\/219\" \/><div id=\"cf2-CF600ac3270a27d_1\"><\/div><input type=\"hidden\" name=\"_cf_frm_id\" value=\"CF600ac3270a27d\">\r\n<input type=\"hidden\" name=\"_cf_frm_ct\" value=\"1\">\r\n<input type=\"hidden\" name=\"cfajax\" value=\"CF600ac3270a27d\">\r\n<input type=\"hidden\" name=\"_cf_cr_pst\" value=\"219\">\r\n<div class=\"hide\" style=\"display:none; overflow:hidden;height:0;width:0;\">\r\n<label>Adresse de messagerie<\/label><input type=\"text\" name=\"email\" value=\"\" autocomplete=\"off\">\r\n<\/div><div id=\"CF600ac3270a27d_1-row-1\"  class=\"row  first_row\"><div  class=\"col-sm-12  single\"><div data-field-wrapper=\"fld_8768091\" class=\"form-group\" id=\"fld_8768091_1-wrap\">\r\n\t<label id=\"fld_8768091Label\" for=\"fld_8768091_1\" class=\"control-label screen-reader-text sr-only\">Nom et pr\u00e9nom<\/label>\r\n\t<div class=\"\">\r\n\t\t<input placeholder=\"Nom et pr\u00e9nom\"  required type=\"text\" data-field=\"fld_8768091\" class=\" form-control\" id=\"fld_8768091_1\" name=\"fld_8768091\" value=\"\" data-type=\"text\" aria-required=\"true\"   aria-labelledby=\"fld_8768091Label\" >\t\t\t<\/div>\r\n<\/div>\r\n<\/div><\/div><div id=\"CF600ac3270a27d_1-row-2\"  class=\"row \"><div  class=\"col-sm-12  single\"><div data-field-wrapper=\"fld_9970286\" class=\"form-group\" id=\"fld_9970286_1-wrap\">\r\n\t<label id=\"fld_9970286Label\" for=\"fld_9970286_1\" class=\"control-label screen-reader-text sr-only\">T\u00e9l\u00e9phone<\/label>\r\n\t<div class=\"\">\r\n\t\t<input placeholder=\"T\u00e9l\u00e9phone\" data-inputmask=\"'mask': '(+32)999-999-999'\"  required type=\"phone\" data-field=\"fld_9970286\" class=\" form-control\" id=\"fld_9970286_1\" name=\"fld_9970286\" value=\"\" data-type=\"phone\" aria-required=\"true\"   aria-labelledby=\"fld_9970286Label\" >\t\t\t<\/div>\r\n<\/div>\r\n<\/div><\/div><div id=\"CF600ac3270a27d_1-row-3\"  class=\"row \"><div  class=\"col-sm-12  single\"><div data-field-wrapper=\"fld_6009157\" class=\"form-group\" id=\"fld_6009157_1-wrap\">\r\n\t<label id=\"fld_6009157Label\" for=\"fld_6009157_1\" class=\"control-label screen-reader-text sr-only\">Email<\/label>\r\n\t<div class=\"\">\r\n\t\t<input placeholder=\"Email\"  required type=\"email\" data-field=\"fld_6009157\" class=\" form-control\" id=\"fld_6009157_1\" name=\"fld_6009157\" value=\"\" data-type=\"email\" aria-required=\"true\"   aria-labelledby=\"fld_6009157Label\" >\t\t\t<\/div>\r\n<\/div>\r\n<\/div><\/div><div id=\"CF600ac3270a27d_1-row-4\"  class=\"row \"><div  class=\"col-sm-12  single\"><div data-field-wrapper=\"fld_7683514\" class=\"form-group\" id=\"fld_7683514_1-wrap\">\r\n\t<label id=\"fld_7683514Label\" for=\"fld_7683514_1\" class=\"control-label screen-reader-text sr-only\">Message<\/label>\r\n\t<div class=\"\">\r\n\t\t<textarea name=\"fld_7683514\" value=\"\" data-field=\"fld_7683514\" class=\"form-control\" id=\"fld_7683514_1\" rows=\"7\"  required=\"required\"  aria-labelledby=\"fld_7683514Label\" ><\/textarea>\n\t\t\t<\/div>\r\n<\/div>\r\n<\/div><\/div><div id=\"CF600ac3270a27d_1-row-5\"  class=\"row  last_row\"><div  class=\"col-sm-12  single\"><div data-field-wrapper=\"fld_7908577\" class=\"form-group right\" id=\"fld_7908577_1-wrap\">\r\n<div class=\"\">\r\n\t<input  class=\"btn btn-default\" type=\"submit\" name=\"fld_7908577\" id=\"fld_7908577_1\" value=\"Envoyer\" data-field=\"fld_7908577\"  >\n<\/div>\r\n<\/div>\r\n\t<input class=\"button_trigger_1\" type=\"hidden\" name=\"fld_7908577\" id=\"fld_7908577_1_btn\" value=\"\" data-field=\"fld_7908577\"  \/>\n<\/div><\/div><\/form>\r\n<\/div>\r\n\n<p>[\/et_pb_text][\/et_pb_column][\/et_pb_section]<\/p>\n","protected":false},"excerpt":{"rendered":"<p>[et_pb_section fb_built=\u00a0\u00bb1&Prime; admin_label=\u00a0\u00bbHeader\u00a0\u00bb _builder_version=\u00a0\u00bb4.8.2&Prime; background_color=\u00a0\u00bb#EFEDEB\u00a0\u00bb background_color_gradient_direction=\u00a0\u00bb90deg\u00a0\u00bb background_image=\u00a0\u00bbhttps:\/\/cste.be\/cse\/wp-content\/uploads\/2020\/11\/landscape_cover.jpg\u00a0\u00bb background_blend=\u00a0\u00bbmultiply\u00a0\u00bb custom_padding=\u00a0\u00bb3vw||0px||false|false\u00a0\u00bb locked=\u00a0\u00bboff\u00a0\u00bb][et_pb_row column_structure=\u00a0\u00bb1_4,3_4&Prime; use_custom_gutter=\u00a0\u00bbon\u00a0\u00bb gutter_width=\u00a0\u00bb2&Prime; _builder_version=\u00a0\u00bb4.6.6&Prime; _module_preset=\u00a0\u00bbdefault\u00a0\u00bb custom_margin=\u00a0\u00bb11px|auto||auto|false|false\u00a0\u00bb custom_margin_tablet=\u00a0\u00bb0px||||false|false\u00a0\u00bb custom_margin_phone=\u00a0\u00bb\u00a0\u00bb custom_margin_last_edited=\u00a0\u00bbon|tablet\u00a0\u00bb custom_padding=\u00a0\u00bb||3px|||\u00a0\u00bb][et_pb_column type=\u00a0\u00bb1_4&Prime; _builder_version=\u00a0\u00bb4.5.1&Prime; _module_preset=\u00a0\u00bbdefault\u00a0\u00bb background_color=\u00a0\u00bb#ffffff\u00a0\u00bb custom_padding=\u00a0\u00bb20px|20px|20px|20px|true|true\u00a0\u00bb][et_pb_text _builder_version=\u00a0\u00bb4.8.2&Prime; text_text_color=\u00a0\u00bb#000000&Prime; header_text_align=\u00a0\u00bbcenter\u00a0\u00bb header_font_size=\u00a0\u00bb13em\u00a0\u00bb header_3_font=\u00a0\u00bb||||||||\u00a0\u00bb header_3_text_align=\u00a0\u00bbcenter\u00a0\u00bb header_3_text_color=\u00a0\u00bb#e09900&Prime; header_3_font_size=\u00a0\u00bb20px\u00a0\u00bb header_3_line_height=\u00a0\u00bb1.4em\u00a0\u00bb custom_margin=\u00a0\u00bb-30px|3px||||\u00a0\u00bb custom_padding=\u00a0\u00bb0px||0px|||\u00a0\u00bb text_font_size_tablet=\u00a0\u00bb14px\u00a0\u00bb text_font_size_last_edited=\u00a0\u00bboff|desktop\u00a0\u00bb header_3_font_size_tablet=\u00a0\u00bb18px\u00a0\u00bb header_3_font_size_phone=\u00a0\u00bb\u00a0\u00bb header_3_font_size_last_edited=\u00a0\u00bbon|phone\u00a0\u00bb locked=\u00a0\u00bboff\u00a0\u00bb] 2e [\/et_pb_text][et_pb_text _builder_version=\u00a0\u00bb4.6.6&Prime; header_text_align=\u00a0\u00bbcenter\u00a0\u00bb header_font_size=\u00a0\u00bb13em\u00a0\u00bb header_3_font=\u00a0\u00bb||||||||\u00a0\u00bb header_3_text_align=\u00a0\u00bbcenter\u00a0\u00bb header_3_text_color=\u00a0\u00bb#e09900&Prime; header_3_font_size=\u00a0\u00bb20px\u00a0\u00bb header_3_line_height=\u00a0\u00bb1.4em\u00a0\u00bb custom_margin=\u00a0\u00bb-39px||||false|false\u00a0\u00bb custom_padding=\u00a0\u00bb0px|||||\u00a0\u00bb text_font_size_tablet=\u00a0\u00bb14px\u00a0\u00bb [&hellip;]<\/p>\n","protected":false},"author":1,"featured_media":0,"parent":0,"menu_order":0,"comment_status":"closed","ping_status":"closed","template":"","meta":{"_et_pb_use_builder":"on","_et_pb_old_content":"","_et_gb_content_width":""},"_links":{"self":[{"href":"https:\/\/cste.be\/cse\/wp-json\/wp\/v2\/pages\/219"}],"collection":[{"href":"https:\/\/cste.be\/cse\/wp-json\/wp\/v2\/pages"}],"about":[{"href":"https:\/\/cste.be\/cse\/wp-json\/wp\/v2\/types\/page"}],"author":[{"embeddable":true,"href":"https:\/\/cste.be\/cse\/wp-json\/wp\/v2\/users\/1"}],"replies":[{"embeddable":true,"href":"https:\/\/cste.be\/cse\/wp-json\/wp\/v2\/comments?post=219"}],"version-history":[{"count":51,"href":"https:\/\/cste.be\/cse\/wp-json\/wp\/v2\/pages\/219\/revisions"}],"predecessor-version":[{"id":1691,"href":"https:\/\/cste.be\/cse\/wp-json\/wp\/v2\/pages\/219\/revisions\/1691"}],"wp:attachment":[{"href":"https:\/\/cste.be\/cse\/wp-json\/wp\/v2\/media?parent=219"}],"curies":[{"name":"wp","href":"https:\/\/api.w.org\/{rel}","templated":true}]}}